{"id":3860,"date":"2020-05-16T18:02:06","date_gmt":"2020-05-16T16:02:06","guid":{"rendered":"http:\/\/www.alexandra-marisa-wilcke.de\/wilcke\/?page_id=3860"},"modified":"2020-08-25T16:32:53","modified_gmt":"2020-08-25T14:32:53","slug":"blog","status":"publish","type":"page","link":"http:\/\/www.alexandra-marisa-wilcke.de\/wilcke\/home-2\/blog\/","title":{"rendered":"BLOG"},"content":{"rendered":"<div class=\"wpb-content-wrapper\"><p>[vc_row full_width=&#8220;stretch_row&#8220; equal_height=&#8220;yes&#8220; css=&#8220;.vc_custom_1554116712654{background-color: #ffffff !important;}&#8220;][vc_column][vc_empty_space height=&#8220;100px&#8220;]<div class=\" heading-center\"><div class=\"custom-heading   \"  ><h2>NEWS<\/h2><span class=\"custom-heading-delim\" style=\"width:160px;\"><\/span><\/div><\/div><div class=\"post-content post-block post-3-columns post-transparent clearfix\"><div class=\"post-item\"  ><div class=\"polo-feature-image-loop post-image\"><span class=\"post-category\"><a href=\"http:\/\/www.alexandra-marisa-wilcke.de\/wilcke\/category\/allgemein\/\">Allgemein <\/a><\/span><a href=\"http:\/\/www.alexandra-marisa-wilcke.de\/wilcke\/scifi-serie-takimo\/\"><img decoding=\"async\" src=\"http:\/\/www.alexandra-marisa-wilcke.de\/wilcke\/wp-content\/uploads\/alexandra_wilcke_news_21-400x267_c.jpg\" alt=\"\"><\/a><\/div><div class=\"post-content-details\"><div class=\"post-title\"><h3><a href=\"http:\/\/www.alexandra-marisa-wilcke.de\/wilcke\/scifi-serie-takimo\/\">SciFi Serie Takimo<\/a><\/h3><\/div><div class=\"post-description\">Die neuen Folgen der SciFi Serie Takimo sind raus! Mit dabei wunderbare Kollegen wie Joachim Kerzel, Joachim Tennstedt, Christin Marquitan, Antje von der Ahe, Peter Flechtner, Nicolas Alexander B\u00f6ll u.v.m..<div class=\"post-info\"><a class=\"read-more\" href=\"http:\/\/www.alexandra-marisa-wilcke.de\/wilcke\/scifi-serie-takimo\/\">read more<i class=\"fa fa-arrow-right\"><\/i><\/a><\/div><\/div><\/div><\/div><div class=\"post-item\"  ><div class=\"polo-feature-image-loop post-image\"><span class=\"post-category\"><a href=\"http:\/\/www.alexandra-marisa-wilcke.de\/wilcke\/category\/allgemein\/\">Allgemein <\/a><\/span><a href=\"http:\/\/www.alexandra-marisa-wilcke.de\/wilcke\/festakt-indische-botschaft\/\"><img decoding=\"async\" src=\"http:\/\/www.alexandra-marisa-wilcke.de\/wilcke\/wp-content\/uploads\/alexandra_wilcke_news_15-400x267_c.jpg\" alt=\"\"><\/a><\/div><div class=\"post-content-details\"><div class=\"post-title\"><h3><a href=\"http:\/\/www.alexandra-marisa-wilcke.de\/wilcke\/festakt-indische-botschaft\/\">Festakt Indische Botschaft<\/a><\/h3><\/div><div class=\"post-description\">Im Oktober 2018 h\u00e4tte Gandhi seinen 150. Geburtstag gefeiert. Unter anderem wurden aus 120 Nationen K\u00fcnstler gebeten, Gandhis Liebelingschant \u201eVaishnava Jana To\u201c zu interpretieren. Aus diesen 120 Videos schnitt die indische Botschaft ein internationales Video aus ca. 40 Nationen zusammen. Deutschland wurde in diesem Fall von mir und meinen Musikern Ravi Srinivasan, Ionna Srinivasan, Hub, und Christian Wecke vertreten. Am 9. Januar wurde mir dann w\u00e4hrend eines Festaktes in der indischen Botschaft Berlin von der Indischen Botschafterin ein Dankschreiben des Indischen Aussenministeriums \u00fcberreicht.<div class=\"post-info\"><a class=\"read-more\" href=\"http:\/\/www.alexandra-marisa-wilcke.de\/wilcke\/festakt-indische-botschaft\/\">read more<i class=\"fa fa-arrow-right\"><\/i><\/a><\/div><\/div><\/div><\/div><div class=\"post-item\"  ><div class=\"polo-feature-image-loop post-image\"><span class=\"post-category\"><a href=\"http:\/\/www.alexandra-marisa-wilcke.de\/wilcke\/category\/allgemein\/\">Allgemein <\/a><\/span><a href=\"http:\/\/www.alexandra-marisa-wilcke.de\/wilcke\/let-them-eat-money\/\"><img decoding=\"async\" src=\"http:\/\/www.alexandra-marisa-wilcke.de\/wilcke\/wp-content\/uploads\/alexandra_wilcke_news_24-400x267_c.jpg\" alt=\"\"><\/a><\/div><div class=\"post-content-details\"><div class=\"post-title\"><h3><a href=\"http:\/\/www.alexandra-marisa-wilcke.de\/wilcke\/let-them-eat-money\/\">Let them eat money<\/a><\/h3><\/div><div class=\"post-description\">Urspr\u00fcnglich ein Theaterst\u00fcck von Andreas Veiel und auch immer noch am Deutschen Theater in Berlin auf dem Spielplan. Wurde es f\u00fcr den RBB und Deutschlandfunk Kultur von Ulrich Lampen als H\u00f6rspiel in Szene gesetzt. Mit Ulrich Noethen, Bernhard Sch\u00fctz, Florian Lukas, Bettina Hoppe, Inka L\u00f6wendorf, Vanessa Loipe, Gunther Scho\u00df und Alexandra Marisa Wilcke.<div class=\"post-info\"><a class=\"read-more\" href=\"http:\/\/www.alexandra-marisa-wilcke.de\/wilcke\/let-them-eat-money\/\">read more<i class=\"fa fa-arrow-right\"><\/i><\/a><\/div><\/div><\/div><\/div><div class=\"post-item\"  ><div class=\"polo-feature-image-loop post-image\"><span class=\"post-category\"><a href=\"http:\/\/www.alexandra-marisa-wilcke.de\/wilcke\/category\/allgemein\/\">Allgemein <\/a><\/span><a href=\"http:\/\/www.alexandra-marisa-wilcke.de\/wilcke\/monsieur-claude-und-seine-toechter\/\"><img decoding=\"async\" src=\"http:\/\/www.alexandra-marisa-wilcke.de\/wilcke\/wp-content\/uploads\/alexandra_wilcke_news_12-400x267_c.jpg\" alt=\"\"><\/a><\/div><div class=\"post-content-details\"><div class=\"post-title\"><h3><a href=\"http:\/\/www.alexandra-marisa-wilcke.de\/wilcke\/monsieur-claude-und-seine-toechter\/\">Monsieur Claude und seine T\u00f6chter<\/a><\/h3><\/div><div class=\"post-description\">Am 4.4.2019 kommt der zweite Teil von Monsieur Claude und seine T\u00f6chter in die Kinos! Schon im ersten Teil durfte ich S\u00e9gol\u00e8ne Verneuil meine Stimme leihen. Auch dieses Mal ist die Kom\u00f6die ein pr\u00e4chtiges Feuerwerk mit dem Spiel um Vorurteile und famili\u00e4ren Beziehungen. Die Franzosen haben Kom\u00f6dien einfach drauf! Viel Spass im Kino!<div class=\"post-info\"><a class=\"read-more\" href=\"http:\/\/www.alexandra-marisa-wilcke.de\/wilcke\/monsieur-claude-und-seine-toechter\/\">read more<i class=\"fa fa-arrow-right\"><\/i><\/a><\/div><\/div><\/div><\/div><div class=\"post-item\"  ><div class=\"polo-feature-image-loop post-image\"><span class=\"post-category\"><a href=\"http:\/\/www.alexandra-marisa-wilcke.de\/wilcke\/category\/allgemein\/\">Allgemein <\/a><\/span><a href=\"http:\/\/www.alexandra-marisa-wilcke.de\/wilcke\/gesangsauftritt-taize-gottesdienst-berlin\/\"><img decoding=\"async\" src=\"http:\/\/www.alexandra-marisa-wilcke.de\/wilcke\/wp-content\/uploads\/alexandra_wilcke_news_25-400x267_c.jpg\" alt=\"\"><\/a><\/div><div class=\"post-content-details\"><div class=\"post-title\"><h3><a href=\"http:\/\/www.alexandra-marisa-wilcke.de\/wilcke\/gesangsauftritt-taize-gottesdienst-berlin\/\">Gesangsauftritt Taiz\u00e9 Gottesdienst Berlin<\/a><\/h3><\/div><div class=\"post-description\">Am 5. Mai 2019 um 18.00 in der Grunewaldkirche, Bismarckallee 28b, 14193 Berlin findet der n\u00e4chste Taiz\u00e9 Gottesdienst statt.Gesang Alexandra Marisa Wilcke und Nicolas Lartaun, Klavier Andreas Hetze und Saxophone\/Klarinette: Gal. Meditativer Gottesdienst nach Taiz\u00e9 unter der Leitung von Pfarrer a.D. Walter Christian Kr\u00fcgerke. Zum Mitsingen f\u00fcr Sangesfreudige.<div class=\"post-info\"><a class=\"read-more\" href=\"http:\/\/www.alexandra-marisa-wilcke.de\/wilcke\/gesangsauftritt-taize-gottesdienst-berlin\/\">read more<i class=\"fa fa-arrow-right\"><\/i><\/a><\/div><\/div><\/div><\/div><div class=\"post-item\"  ><div class=\"polo-feature-image-loop post-image\"><span class=\"post-category\"><a href=\"http:\/\/www.alexandra-marisa-wilcke.de\/wilcke\/category\/allgemein\/\">Allgemein <\/a><\/span><a href=\"http:\/\/www.alexandra-marisa-wilcke.de\/wilcke\/alita-battle-angel\/\"><img decoding=\"async\" src=\"http:\/\/www.alexandra-marisa-wilcke.de\/wilcke\/wp-content\/uploads\/alexandra_wilcke_news_28-Kopie-400x267_c.jpg\" alt=\"\"><\/a><\/div><div class=\"post-content-details\"><div class=\"post-title\"><h3><a href=\"http:\/\/www.alexandra-marisa-wilcke.de\/wilcke\/alita-battle-angel\/\">Alita: Battle Angel<\/a><\/h3><\/div><div class=\"post-description\">Jennifer Connelly spielt Chiren in einem Cyberpunk Action Film, von Robert Rodriguez in Zusammenarbeit mit James Cameron in Szene gesetzt. Jennifer Connelly wurde neben mir \u00a0Ende der 80er im Laufe ihrer Karriere von vielen deutschen Synchronschauspielerinnen synchronisiert. Unter der Regie von Christoph Cierpka habe ich sie mal wieder \"bekommen\". Der Film startete im Februar in den deutschen Kinos und kommt am 1.8. als DVD in den Handel...<div class=\"post-info\"><a class=\"read-more\" href=\"http:\/\/www.alexandra-marisa-wilcke.de\/wilcke\/alita-battle-angel\/\">read more<i class=\"fa fa-arrow-right\"><\/i><\/a><\/div><\/div><\/div><\/div><div class=\"post-item\"  ><div class=\"polo-feature-image-loop post-image\"><span class=\"post-category\"><a href=\"http:\/\/www.alexandra-marisa-wilcke.de\/wilcke\/category\/allgemein\/\">Allgemein <\/a><\/span><a href=\"http:\/\/www.alexandra-marisa-wilcke.de\/wilcke\/erzaehle-uns-von-der-liebe\/\"><img decoding=\"async\" src=\"http:\/\/www.alexandra-marisa-wilcke.de\/wilcke\/wp-content\/uploads\/alexandra_wilcke_news_13-400x267_c.jpg\" alt=\"\"><\/a><\/div><div class=\"post-content-details\"><div class=\"post-title\"><h3><a href=\"http:\/\/www.alexandra-marisa-wilcke.de\/wilcke\/erzaehle-uns-von-der-liebe\/\">Erz\u00e4hle uns von der Liebe<\/a><\/h3><\/div><div class=\"post-description\">Freitag, 17.5.2019 um 20.30, Kirche zum\u00a0Heilbronnen, Heilbronner Strasse 20, 10779 Berlin. Joachim Kerzel hat eine der bekanntesten Stimmen Deutschlands. Den ganz gro\u00dfen seiner Zunft leiht er seine vielf\u00e4ltige \u201eAusdrucksweise\": Sir Anthony Hopkins, Harvey Keitel, Jean Reno, Jack Nicholson, um nur einige zu nennen. Mehrfach wurde er mit Platin und Gold f\u00fcr seine H\u00f6rbuchlesungen ausgezeichnet.\u00a0Ich freue mich sehr, dass ich mit ihm einen neuen Abend gestalten kann: mit Texten von Khalil Gibran, Liedern der Heiligen Hildegard und wunderbarer Harfenmusik, gespielt von der virtuosen Harfenistin Anna Maria Fitzenreiter.<div class=\"post-info\"><a class=\"read-more\" href=\"http:\/\/www.alexandra-marisa-wilcke.de\/wilcke\/erzaehle-uns-von-der-liebe\/\">read more<i class=\"fa fa-arrow-right\"><\/i><\/a><\/div><\/div><\/div><\/div><div class=\"post-item\"  ><div class=\"polo-feature-image-loop post-image\"><span class=\"post-category\"><a href=\"http:\/\/www.alexandra-marisa-wilcke.de\/wilcke\/category\/allgemein\/\">Allgemein <\/a><\/span><a href=\"http:\/\/www.alexandra-marisa-wilcke.de\/wilcke\/sr-teresa-zukic\/\"><img decoding=\"async\" src=\"http:\/\/www.alexandra-marisa-wilcke.de\/wilcke\/wp-content\/uploads\/alexandra_wilcke_news_29-400x267_c.jpeg\" alt=\"\"><\/a><\/div><div class=\"post-content-details\"><div class=\"post-title\"><h3><a href=\"http:\/\/www.alexandra-marisa-wilcke.de\/wilcke\/sr-teresa-zukic\/\">Sr. Teresa Zukic<\/a><\/h3><\/div><div class=\"post-description\">Sr. Teresa Zukic ist erfolgreiche Buchautorin ( \"Lebe, lache Liebe\", \"Die Seele braucht mehr als Pflaster\" ), \u00a0 \u00a0 \u00a0 \u00a0 \u00a0 \u00a0 \u00a0 \u00a0 \u00a0 \u00a0 \u00a0 \u00a0 \u00a0 \u00a0 \u00a0 \u00a0 \u00a0 \u00a0 \u00a0 \u00a0 \u00a0 \u00a0 \u00a0 \u00a0Vortragsrednerin ( \u00fcber 250 Vortr\u00e4ge im Jahr in ), Tr\u00e4gerin des Bundesverdienstkreuzes, Komponistin f\u00fcr Kindermusicals, Powerfrau, Sonnenschein und Freundin! \u00a0 \u00a0 \u00a0 \u00a0 \u00a0 \u00a0 \u00a0 \u00a0 \u00a0 \u00a0 \u00a0 \u00a0 \u00a0 \u00a0 \u00a0 \u00a0 \u00a0 \u00a0 \u00a0 \u00a0 \u00a0 \u00a0 \u00a0 \u00a0 \u00a0 \u00a0 \u00a0 \u00a0 \u00a0 \u00a0 \u00a0 \u00a0 \u00a0 \u00a0 \u00a0 \u00a0 \u00a0\u00a0Wir haben schon viele Events&hellip;<div class=\"post-info\"><a class=\"read-more\" href=\"http:\/\/www.alexandra-marisa-wilcke.de\/wilcke\/sr-teresa-zukic\/\">read more<i class=\"fa fa-arrow-right\"><\/i><\/a><\/div><\/div><\/div><\/div><div class=\"post-item\"  ><div class=\"polo-feature-image-loop post-image\"><span class=\"post-category\"><a href=\"http:\/\/www.alexandra-marisa-wilcke.de\/wilcke\/category\/allgemein\/\">Allgemein <\/a><\/span><a href=\"http:\/\/www.alexandra-marisa-wilcke.de\/wilcke\/the-silence\/\"><img decoding=\"async\" src=\"http:\/\/www.alexandra-marisa-wilcke.de\/wilcke\/wp-content\/uploads\/alexandra_wilcke_news_26-400x267_c.jpeg\" alt=\"\"><\/a><\/div><div class=\"post-content-details\"><div class=\"post-title\"><h3><a href=\"http:\/\/www.alexandra-marisa-wilcke.de\/wilcke\/the-silence\/\">The Silence<\/a><\/h3><\/div><div class=\"post-description\">&nbsp; Seit \"Der Herr der Ringe\" leihe ich Miranda Otto regelm\u00e4ssig meine Stimme in der deutschen Fassung. So auch in dem Film \u00a0\"The Silence\",\u00a0der am 16.5.19 in die Kinos kam und mittlerweile auf DVD erh\u00e4ltlich ist. Ich bin nicht unbedingt ein Fan von Horrorfilmen, aber Miranda Otto synchronisiere ich einfach wirklich gern. Sie ist grandios in der Serie \u00a0 \"Chilling adventures of Sabrina\" \u00a0als Tante Zelda und spielt mit der Darstellerin der Sabrina, Kiernan Shipka in \"The Silence\" wieder zusammen. Offensichtlich ein gutes Team...<div class=\"post-info\"><a class=\"read-more\" href=\"http:\/\/www.alexandra-marisa-wilcke.de\/wilcke\/the-silence\/\">read more<i class=\"fa fa-arrow-right\"><\/i><\/a><\/div><\/div><\/div><\/div><div class=\"post-item\"  ><div class=\"polo-feature-image-loop post-image\"><span class=\"post-category\"><a href=\"http:\/\/www.alexandra-marisa-wilcke.de\/wilcke\/category\/allgemein\/\">Allgemein <\/a><\/span><a href=\"http:\/\/www.alexandra-marisa-wilcke.de\/wilcke\/avengers-endgame-evangeline-lilly\/\"><img decoding=\"async\" src=\"http:\/\/www.alexandra-marisa-wilcke.de\/wilcke\/wp-content\/uploads\/alexandra_wilcke_news_27-400x267_c.jpeg\" alt=\"\"><\/a><\/div><div class=\"post-content-details\"><div class=\"post-title\"><h3><a href=\"http:\/\/www.alexandra-marisa-wilcke.de\/wilcke\/avengers-endgame-evangeline-lilly\/\">Avengers: Endgame Evangeline Lilly<\/a><\/h3><\/div><div class=\"post-description\">Evangeline Lilly hat als Wasp in Avengers Endgame zwar nur einen kleinen Auftritt, aber \u00a0sie ist mit dabei - und damit auch ich. Die \"Wespe\" \u00a0 in zwei Kinofilmen neben Endgame zu sprechen hat Spass gemacht ! Vor allem weil in beiden Filmen nicht alles so \"superheldenernst\" genommen wurde ! Viel Spass im Kino !<div class=\"post-info\"><a class=\"read-more\" href=\"http:\/\/www.alexandra-marisa-wilcke.de\/wilcke\/avengers-endgame-evangeline-lilly\/\">read more<i class=\"fa fa-arrow-right\"><\/i><\/a><\/div><\/div><\/div><\/div><div class=\"post-item\"  ><div class=\"polo-feature-image-loop post-image\"><span class=\"post-category\"><a href=\"http:\/\/www.alexandra-marisa-wilcke.de\/wilcke\/category\/allgemein\/\">Allgemein <\/a><\/span><a href=\"http:\/\/www.alexandra-marisa-wilcke.de\/wilcke\/matthias-kopetzki-kollege-und-buchautor\/\"><img decoding=\"async\" src=\"http:\/\/www.alexandra-marisa-wilcke.de\/wilcke\/wp-content\/uploads\/alexandra_wilcke_news_30-1-400x267_c.jpg\" alt=\"\"><\/a><\/div><div class=\"post-content-details\"><div class=\"post-title\"><h3><a href=\"http:\/\/www.alexandra-marisa-wilcke.de\/wilcke\/matthias-kopetzki-kollege-und-buchautor\/\">Matthias Kopetzki &#8211; Kollege und Buchautor<\/a><\/h3><\/div><div class=\"post-description\">Matthias Kopetzki und ich lernten uns in Frankfurt kennen, als ich die j\u00fcdische S\u00e4ngerin Chaja in Sobols Theaterst\u00fcck Ghetto spielte. Wir trafen uns im Zug nach der Vorstellung nach Berlin ( damals war er noch Profi -\"Schwarzfahrer\" ) und er erz\u00e4hlte mir von seinem Erstlingswerk als Autor: Teheran im Bauch! Mittlerweile hat er weitere B\u00fccher geschrieben, und im Neuesten bin ich als Interviewpartnerin mit dabei - mehr wird noch nicht verraten...<div class=\"post-info\"><a class=\"read-more\" href=\"http:\/\/www.alexandra-marisa-wilcke.de\/wilcke\/matthias-kopetzki-kollege-und-buchautor\/\">read more<i class=\"fa fa-arrow-right\"><\/i><\/a><\/div><\/div><\/div><\/div><div class=\"post-item\"  ><div class=\"polo-feature-image-loop post-image\"><span class=\"post-category\"><a href=\"http:\/\/www.alexandra-marisa-wilcke.de\/wilcke\/category\/allgemein\/\">Allgemein <\/a><\/span><a href=\"http:\/\/www.alexandra-marisa-wilcke.de\/wilcke\/belina-music-for-peace-filmdokumentation\/\"><img decoding=\"async\" src=\"http:\/\/www.alexandra-marisa-wilcke.de\/wilcke\/wp-content\/uploads\/alexandra_wilcke_news_31-400x267_c.jpg\" alt=\"\"><\/a><\/div><div class=\"post-content-details\"><div class=\"post-title\"><h3><a href=\"http:\/\/www.alexandra-marisa-wilcke.de\/wilcke\/belina-music-for-peace-filmdokumentation\/\">Belina &#8211; Music for Peace   Filmdokumentation<\/a><\/h3><\/div><div class=\"post-description\">Die S\u00e4ngerin Belina galt mit ihrem folkloristischen Repertoire als Br\u00fcckenbauerin zwischen den V\u00f6lkern und Kulturen. Sie reiste in den 60er-Jahren um die Welt und setzte sich trotz traumatischer Erlebnisse in der NS-Zeit f\u00fcr Toleranz und Gleichberechtigung als Botschafterin f\u00fcr Deutschland ein. Ihr Bestreben, zu verbinden und zu vermitteln, war vorbildlich und mutig und ist heute mit Kriegen, Rassismus und Fl\u00fcchtlingsstr\u00f6men von brennender Aktualit\u00e4t. Der Filmemacher Marc B\u00f6ttcher widmet sich in seinem neuesten Projekt der S\u00e4ngerin Belina; und interviewte neben Sharon Brauner, Jocelyn B. Smith, Nana Mouskouri, Katharine Mehrling auch mich.\u00a0Musik verbindet Menschen unterschiedlicher Herkunft, Religion und Couleur. Auf Startnext kann&hellip;<div class=\"post-info\"><a class=\"read-more\" href=\"http:\/\/www.alexandra-marisa-wilcke.de\/wilcke\/belina-music-for-peace-filmdokumentation\/\">read more<i class=\"fa fa-arrow-right\"><\/i><\/a><\/div><\/div><\/div><\/div><div class=\"post-item\"  ><div class=\"polo-feature-image-loop post-image\"><span class=\"post-category\"><a href=\"http:\/\/www.alexandra-marisa-wilcke.de\/wilcke\/category\/allgemein\/\">Allgemein <\/a><\/span><a href=\"http:\/\/www.alexandra-marisa-wilcke.de\/wilcke\/bibi-blocksberg-das-naechste-hoerbuch\/\"><img decoding=\"async\" src=\"http:\/\/www.alexandra-marisa-wilcke.de\/wilcke\/wp-content\/uploads\/alexandra_wilcke_news_32-400x267_c.jpg\" alt=\"\"><\/a><\/div><div class=\"post-content-details\"><div class=\"post-title\"><h3><a href=\"http:\/\/www.alexandra-marisa-wilcke.de\/wilcke\/bibi-blocksberg-das-naechste-hoerbuch\/\">Bibi Blocksberg &#8211; das n\u00e4chste H\u00f6rbuch<\/a><\/h3><\/div><div class=\"post-description\">Am 11. und 12.7. ist es wieder soweit: das n\u00e4chste H\u00f6rbuch der Bibi Blocksberg Serie wird im Kiddinx Studio eingelesen. Ver\u00f6ffentlichung erfolgt dann wahrscheinlich im Herbst. Mittlerweile ist es die 15. Folge in der erfolgreichen H\u00f6rbuch-Reihe.<div class=\"post-info\"><a class=\"read-more\" href=\"http:\/\/www.alexandra-marisa-wilcke.de\/wilcke\/bibi-blocksberg-das-naechste-hoerbuch\/\">read more<i class=\"fa fa-arrow-right\"><\/i><\/a><\/div><\/div><\/div><\/div><div class=\"post-item\"  ><div class=\"polo-feature-image-loop post-image\"><span class=\"post-category\"><a href=\"http:\/\/www.alexandra-marisa-wilcke.de\/wilcke\/category\/allgemein\/\">Allgemein <\/a><\/span><a href=\"http:\/\/www.alexandra-marisa-wilcke.de\/wilcke\/rainman-regie-am-schauspiel-trier\/\"><img decoding=\"async\" src=\"http:\/\/www.alexandra-marisa-wilcke.de\/wilcke\/wp-content\/uploads\/alexandra_wilcke_news_33-400x267_c.jpg\" alt=\"\"><\/a><\/div><div class=\"post-content-details\"><div class=\"post-title\"><h3><a href=\"http:\/\/www.alexandra-marisa-wilcke.de\/wilcke\/rainman-regie-am-schauspiel-trier\/\">Rain Man &#8211; Regie am Schauspiel Trier<\/a><\/h3><\/div><div class=\"post-description\">Premiere am 28.9.2019. Ber\u00fchrendes Theaterst\u00fcck \u00fcber einen Autisten und seinen egozentrischen Bruder. \u00a0 \u00a0 \u00a0 \u00a0 \u00a0 \u00a0 \u00a0 \u00a0 \u00a0 \u00a0 \u00a0 \u00a0 \u00a0 \u00a0 \u00a0 \u00a0 \u00a0 \u00a0 \u00a0 \u00a0 \u00a0 \u00a0 \u00a0 \u00a0 \u00a0 \u00a0 \u00a0 \u00a0 \u00a0 \u00a0 \u00a0 \u00a0 \u00a0 \u00a0 \u00a0 \u00a0Autoh\u00e4ndler Charlie Babbit reist zur Beerdigung seines Vaters, den er seit zehn Jahren nicht mehr gesehen hatte. Seine Hoffnung auf eine \u00fcppige Erbschaft wird allerdings entt\u00e4uscht, denn der Verstorbene hat sein Verm\u00f6gen von mehreren Millionen Dollar einem anonymen Erben in einer Klinik hinterlassen. Er versucht \u00a0der Sache auf den Grund zu gehen und&hellip;<div class=\"post-info\"><a class=\"read-more\" href=\"http:\/\/www.alexandra-marisa-wilcke.de\/wilcke\/rainman-regie-am-schauspiel-trier\/\">read more<i class=\"fa fa-arrow-right\"><\/i><\/a><\/div><\/div><\/div><\/div><div class=\"post-item\"  ><div class=\"polo-feature-image-loop post-image\"><span class=\"post-category\"><a href=\"http:\/\/www.alexandra-marisa-wilcke.de\/wilcke\/category\/allgemein\/\">Allgemein <\/a><\/span><a href=\"http:\/\/www.alexandra-marisa-wilcke.de\/wilcke\/der-koenig-der-loewen-1994-und-2019\/\"><img decoding=\"async\" src=\"http:\/\/www.alexandra-marisa-wilcke.de\/wilcke\/wp-content\/uploads\/alexandra_wilcke_news_34-1-400x267_c.jpg\" alt=\"\"><\/a><\/div><div class=\"post-content-details\"><div class=\"post-title\"><h3><a href=\"http:\/\/www.alexandra-marisa-wilcke.de\/wilcke\/der-koenig-der-loewen-1994-und-2019\/\">Der K\u00f6nig der L\u00f6wen 1994 und 2019<\/a><\/h3><\/div><div class=\"post-description\">25 Jahre ist die Deutschlandpremiere in Berlin her. \"Der K\u00f6nig der L\u00f6wen\" avancierte zum erfolgreichsten und beliebtesten Zeichentrickfilm der Disney Studios. Ein Meilenstein in der Geschichte des Zeichentrickfilms, ein Film, der trotz manch d\u00fcsterer Szene, sich in die Herzen der Zuschauer brannte! Die Songs, die Ohrw\u00fcrmer wurden! \"Hakuna Matata\" und nat\u00fcrlich \"Kann es wirklich Liebe sein\"! Und ich durfte in der deutschen Version damals der erwachsenen L\u00f6win Nala meine Stimme leihen: f\u00fcr den Gesang und die Sprache. Nun schafft Disney wieder ein Meisterwerk, diesmal wegweisend durch die neue CGI Technik - und ich bin wieder dabei und freue mich riesig&hellip;<div class=\"post-info\"><a class=\"read-more\" href=\"http:\/\/www.alexandra-marisa-wilcke.de\/wilcke\/der-koenig-der-loewen-1994-und-2019\/\">read more<i class=\"fa fa-arrow-right\"><\/i><\/a><\/div><\/div><\/div><\/div><div class=\"post-item\"  ><div class=\"polo-feature-image-loop post-image\"><span class=\"post-category\"><a href=\"http:\/\/www.alexandra-marisa-wilcke.de\/wilcke\/category\/allgemein\/\">Allgemein <\/a><\/span><a href=\"http:\/\/www.alexandra-marisa-wilcke.de\/wilcke\/xpomet-berlin-medizin-der-zukunft\/\"><img decoding=\"async\" src=\"http:\/\/www.alexandra-marisa-wilcke.de\/wilcke\/wp-content\/uploads\/alexandra_wilcke_news_35.jpg-400x267_c.jpeg\" alt=\"\"><\/a><\/div><div class=\"post-content-details\"><div class=\"post-title\"><h3><a href=\"http:\/\/www.alexandra-marisa-wilcke.de\/wilcke\/xpomet-berlin-medizin-der-zukunft\/\">XPOMET Berlin Medizin der Zukunft<\/a><\/h3><\/div><div class=\"post-description\">Vom 10.10. bis 12.10 findet in Berlin die Xpomet statt. Auf einer Veranstaltung der indischen Botschaft lernte ich PhD Jubin Shah kennen, und wir kamen ins Gespr\u00e4ch \u00fcber die technische Entwicklung der Medizin, die unglaubliche Spr\u00fcnge macht, aber deren Lobby h\u00e4ufig im Profitstreben den Menschen in seinem nat\u00fcrlichen Seins-Bed\u00fcrfnis vergisst: Hierbei kommt die menschliche Sehnsucht nach Ber\u00fchrung im Inneren wie im \u00c4usseren ins Spiel, was sich in meinen Erfahrungen als Ehrenamtliche mit Auftritten mit NAMU Art for Live \u00a0auf Kinderstationen oder Hospizen widerspiegelt. Daraus ergab sich die Zusammenarbeit f\u00fcr die XPOMET: Einmal als S\u00e4ngerin, zusammen mit der wunderbaren Anna Fitzenreiter&hellip;<div class=\"post-info\"><a class=\"read-more\" href=\"http:\/\/www.alexandra-marisa-wilcke.de\/wilcke\/xpomet-berlin-medizin-der-zukunft\/\">read more<i class=\"fa fa-arrow-right\"><\/i><\/a><\/div><\/div><\/div><\/div><div class=\"post-item\"  ><div class=\"polo-feature-image-loop post-image\"><span class=\"post-category\"><a href=\"http:\/\/www.alexandra-marisa-wilcke.de\/wilcke\/category\/allgemein\/\">Allgemein <\/a><\/span><a href=\"http:\/\/www.alexandra-marisa-wilcke.de\/wilcke\/konzert-mit-david-schirmer-in-der-grunewaldkirche\/\"><img decoding=\"async\" src=\"http:\/\/www.alexandra-marisa-wilcke.de\/wilcke\/wp-content\/uploads\/alexandra_wilcke_news36-400x267_c.jpg\" alt=\"\"><\/a><\/div><div class=\"post-content-details\"><div class=\"post-title\"><h3><a href=\"http:\/\/www.alexandra-marisa-wilcke.de\/wilcke\/konzert-mit-david-schirmer-in-der-grunewaldkirche\/\">Konzert mit David Schirmer in der Grunewaldkirche<\/a><\/h3><\/div><div class=\"post-description\">In der Reihe \"OrgelKl\u00e4nge\" gibt es am \u00a01.11.2019 um 19.30h das Konzert \"Du f\u00fchrst mich hinaus in die Weite\". David Schirmer ist ein junger, unglaublich virtuoser und beseelter Organist, der diese Reihe leitet und mich f\u00fcr das Konzert als S\u00e4ngerin einlud.Werke von Durufl\u00e9, Hildegard von Bingen und Arvo P\u00e4rt stehen auf dem Programm... Eintritt frei, um eine Spende wird gebeten. Bismarckallee 28b , 14 193 Berlin. &nbsp;<div class=\"post-info\"><a class=\"read-more\" href=\"http:\/\/www.alexandra-marisa-wilcke.de\/wilcke\/konzert-mit-david-schirmer-in-der-grunewaldkirche\/\">read more<i class=\"fa fa-arrow-right\"><\/i><\/a><\/div><\/div><\/div><\/div><div class=\"post-item\"  ><div class=\"polo-feature-image-loop post-image\"><span class=\"post-category\"><a href=\"http:\/\/www.alexandra-marisa-wilcke.de\/wilcke\/category\/allgemein\/\">Allgemein <\/a><\/span><a href=\"http:\/\/www.alexandra-marisa-wilcke.de\/wilcke\/dreharbeiten-zu-martha-und-tommy\/\"><img decoding=\"async\" src=\"http:\/\/www.alexandra-marisa-wilcke.de\/wilcke\/wp-content\/uploads\/alexandra_wilcke_news_37-400x267_c.jpg\" alt=\"\"><\/a><\/div><div class=\"post-content-details\"><div class=\"post-title\"><h3><a href=\"http:\/\/www.alexandra-marisa-wilcke.de\/wilcke\/dreharbeiten-zu-martha-und-tommy\/\">Dreharbeiten zu Martha und Tommy<\/a><\/h3><\/div><div class=\"post-description\">Die Dreharbeiten zu Martha und Tommy sind beendet. Mehrere Tage durfte ich mit der Grande Dame des deutschen Films, Senta Berger, drehen, sie am Set erleben. \u00a0Ich kann f\u00fcr diese Erfahrungen und Erlebnisse gar nicht genug Kotaus machen! 1000 Dank auch an Doris Zander, die Produzentin und Petra Wagner, die Regisseurin! Es herrschte eine wunderbare, respektvolle Atmosph\u00e4re am Set! \u00a0ich hatte ein wunderbare Rolle, die perfekt f\u00fcr mich war ! Mehr darf ich noch nicht erz\u00e4hlen... Ausstrahlungstermin wird noch bekannt gegeben.<div class=\"post-info\"><a class=\"read-more\" href=\"http:\/\/www.alexandra-marisa-wilcke.de\/wilcke\/dreharbeiten-zu-martha-und-tommy\/\">read more<i class=\"fa fa-arrow-right\"><\/i><\/a><\/div><\/div><\/div><\/div><div class=\"post-item\"  ><div class=\"polo-feature-image-loop post-image\"><span class=\"post-category\"><a href=\"http:\/\/www.alexandra-marisa-wilcke.de\/wilcke\/category\/allgemein\/\">Allgemein <\/a><\/span><a href=\"http:\/\/www.alexandra-marisa-wilcke.de\/wilcke\/gesangsauftritt-taize-in-berlin\/\"><img decoding=\"async\" src=\"http:\/\/www.alexandra-marisa-wilcke.de\/wilcke\/wp-content\/uploads\/alexandra_wilcke_news38-400x267_c.jpg\" alt=\"\"><\/a><\/div><div class=\"post-content-details\"><div class=\"post-title\"><h3><a href=\"http:\/\/www.alexandra-marisa-wilcke.de\/wilcke\/gesangsauftritt-taize-in-berlin\/\">Gesangsauftritt Taiz\u00e9 in Berlin<\/a><\/h3><\/div><div class=\"post-description\">Wieder einmal ein Taiz\u00e9 Gottesdienst in der Grunwaldkirche, Bismarckalle 28 in Berlin Zehlendorf : Mit David Schirmer am Klavier, Gal an der Klarinette und Nicolas Lartaun und mir als Solos\u00e4nger... Beginn 18 Uhr, Eintritt frei.<div class=\"post-info\"><a class=\"read-more\" href=\"http:\/\/www.alexandra-marisa-wilcke.de\/wilcke\/gesangsauftritt-taize-in-berlin\/\">read more<i class=\"fa fa-arrow-right\"><\/i><\/a><\/div><\/div><\/div><\/div><div class=\"post-item\"  ><div class=\"polo-feature-image-loop post-image\"><span class=\"post-category\"><a href=\"http:\/\/www.alexandra-marisa-wilcke.de\/wilcke\/category\/allgemein\/\">Allgemein <\/a><\/span><a href=\"http:\/\/www.alexandra-marisa-wilcke.de\/wilcke\/danke-2019\/\"><img decoding=\"async\" src=\"http:\/\/www.alexandra-marisa-wilcke.de\/wilcke\/wp-content\/uploads\/alexandra_wilcke_news39-400x267_c.jpg\" alt=\"\"><\/a><\/div><div class=\"post-content-details\"><div class=\"post-title\"><h3><a href=\"http:\/\/www.alexandra-marisa-wilcke.de\/wilcke\/danke-2019\/\">Danke 2019 !<\/a><\/h3><\/div><div class=\"post-description\">F\u00fcr mich pers\u00f6nlich war es ein famoses Jahr 2019 mit vielen wunderbaren Herausforderungen, wie zum Beispiel der Regie von Rainman am Schauspiel Trier, Konzerten, Dreharbeiten, Verleihungen und last but not least wunderbaren Filmen, in denen ich synchronisieren durfte, und die Snychronschauspieler erst nennen d\u00fcrfen, wenn sie ver\u00f6ffentlicht wurden: Neu hinzugekommene Highlights sind Julie Delpy in MY ZOE, Lotta Losten in SHAZAM!, Emilie Caen in MONSIEUR CLAUDE UND SEINE T\u00d6CHTER 2,\u00a0Alfre Woodard in DER K\u00d6NIG DER L\u00d6WEN ( CGI FASSUNG 2019 ), Rosamund Pike in \u00a0THE INFORMER, Laura Azcurra in GO! EINE UNVERGESSLICHE PARTY, Susan Lynch in DOWNTON ABBEY, Evangeline Lilly&hellip;<div class=\"post-info\"><a class=\"read-more\" href=\"http:\/\/www.alexandra-marisa-wilcke.de\/wilcke\/danke-2019\/\">read more<i class=\"fa fa-arrow-right\"><\/i><\/a><\/div><\/div><\/div><\/div><div class=\"post-item\"  ><div class=\"polo-feature-image-loop post-image\"><span class=\"post-category\"><a href=\"http:\/\/www.alexandra-marisa-wilcke.de\/wilcke\/category\/allgemein\/\">Allgemein <\/a><\/span><a href=\"http:\/\/www.alexandra-marisa-wilcke.de\/wilcke\/wunderbarrrrr\/\"><img decoding=\"async\" src=\"http:\/\/www.alexandra-marisa-wilcke.de\/wilcke\/wp-content\/uploads\/alexandra_wilcke_news40-400x267_c.jpg\" alt=\"\"><\/a><\/div><div class=\"post-content-details\"><div class=\"post-title\"><h3><a href=\"http:\/\/www.alexandra-marisa-wilcke.de\/wilcke\/wunderbarrrrr\/\">WUNDERBARRRRR !<\/a><\/h3><\/div><div class=\"post-description\">Das neue Jahr f\u00e4ngt gruselig an : Ab 16 Jahren freigegeben als Original Netflix Produktion in Zusammenarbeit mit der BBC: Dracula ! Mark Gatiss und Steven Moffat, die sich schon f\u00fcr die geniale Neuverfilmung von Sherlock Holmes mit Benedict Cumberbatch ideenreich zeigten, wagen sich gruselig und dennoch witzig und charmant an den Dracula Stoff ! Mit unerwarteten Twists und einer tollen Dolly Wells als Sister Agatha (van Helsing) und ihrer eigenen Nachfolgerin Jahrhunderte sp\u00e4ter ! Vor allem der unglaubliche Esprit von Dolly Wells als Sister Agatha hat mir gro\u00dfen Spass gemacht w\u00e4hrend der Arbeit ! Danke vor allem auch an&hellip;<div class=\"post-info\"><a class=\"read-more\" href=\"http:\/\/www.alexandra-marisa-wilcke.de\/wilcke\/wunderbarrrrr\/\">read more<i class=\"fa fa-arrow-right\"><\/i><\/a><\/div><\/div><\/div><\/div><div class=\"post-item\"  ><div class=\"polo-feature-image-loop post-image\"><span class=\"post-category\"><a href=\"http:\/\/www.alexandra-marisa-wilcke.de\/wilcke\/category\/allgemein\/\">Allgemein <\/a><\/span><a href=\"http:\/\/www.alexandra-marisa-wilcke.de\/wilcke\/taize-in-berlin\/\"><img decoding=\"async\" src=\"http:\/\/www.alexandra-marisa-wilcke.de\/wilcke\/wp-content\/uploads\/alexandra_wilcke_news38-400x267_c.jpg\" alt=\"\"><\/a><\/div><div class=\"post-content-details\"><div class=\"post-title\"><h3><a href=\"http:\/\/www.alexandra-marisa-wilcke.de\/wilcke\/taize-in-berlin\/\">TAIZ\u00c9 IN BERLIN<\/a><\/h3><\/div><div class=\"post-description\">Am 8. Februar singe ich wieder in der Grunewaldkirche \u00a0in Berlin. Beginn 18 Uhr. Taiz\u00e9 Abend unter der Leitung von Pfarrer Walter Christian Kr\u00fcgerke. Bismarckallee 28b, in 14193 Berlin. &nbsp;<div class=\"post-info\"><a class=\"read-more\" href=\"http:\/\/www.alexandra-marisa-wilcke.de\/wilcke\/taize-in-berlin\/\">read more<i class=\"fa fa-arrow-right\"><\/i><\/a><\/div><\/div><\/div><\/div><div class=\"post-item\"  ><div class=\"polo-feature-image-loop post-image\"><span class=\"post-category\"><a href=\"http:\/\/www.alexandra-marisa-wilcke.de\/wilcke\/category\/allgemein\/\">Allgemein <\/a><\/span><a href=\"http:\/\/www.alexandra-marisa-wilcke.de\/wilcke\/blue-bloods\/\"><img decoding=\"async\" src=\"http:\/\/www.alexandra-marisa-wilcke.de\/wilcke\/wp-content\/uploads\/alexandra_wilcke_news43-e1579621176618-400x267_c.jpg\" alt=\"\"><\/a><\/div><div class=\"post-content-details\"><div class=\"post-title\"><h3><a href=\"http:\/\/www.alexandra-marisa-wilcke.de\/wilcke\/blue-bloods\/\">Blue Bloods<\/a><\/h3><\/div><div class=\"post-description\">Blue Bloods geht ebenfalls weiter in 2020 und mit der Serie auch meine Synchronisation von Bridget Moynahan in der Rolle der Erin Reagan-Boyle! Aktuell gerade die achte Staffel auf Kabel eins ...<div class=\"post-info\"><a class=\"read-more\" href=\"http:\/\/www.alexandra-marisa-wilcke.de\/wilcke\/blue-bloods\/\">read more<i class=\"fa fa-arrow-right\"><\/i><\/a><\/div><\/div><\/div><\/div><div class=\"post-item\"  ><div class=\"polo-feature-image-loop post-image\"><span class=\"post-category\"><a href=\"http:\/\/www.alexandra-marisa-wilcke.de\/wilcke\/category\/allgemein\/\">Allgemein <\/a><\/span><a href=\"http:\/\/www.alexandra-marisa-wilcke.de\/wilcke\/spiritual-dimensions-in-wien\/\"><img decoding=\"async\" src=\"http:\/\/www.alexandra-marisa-wilcke.de\/wilcke\/wp-content\/uploads\/alexandra_wilcke\u2013news44-e1579622546807-400x267_c.jpg\" alt=\"\"><\/a><\/div><div class=\"post-content-details\"><div class=\"post-title\"><h3><a href=\"http:\/\/www.alexandra-marisa-wilcke.de\/wilcke\/spiritual-dimensions-in-wien\/\">SHOW IN WIEN<\/a><\/h3><\/div><div class=\"post-description\">Am 3.Juni 2020 werde ich bei einer besonderen Veranstaltung in Wien (im Konzertsaal der Wiener S\u00e4ngerknaben) singen: Spiritual Dimensions:Beginn ist um 19.30h bis 22.00h. Es geht um den gro\u00dfen Yogi Paramahansa Yogananda der \u00a0vor 100 Jahren in den Westen kam und dessen Einsichten und Weisheiten viele Menschen ber\u00fchrt haben. Es wird eine Mischung aus International hochkar\u00e4tigen Variet\u00e9 Showeinlagen sein, Gesang und Kurzvort\u00e4gen, die Paramahamsa Prajnananada halten wird. Ich freue mich schon jetzt auf diesen Abend der besonderen Art! Paramahamsa Yogananda: Celebrating the 100th Anniversary of a Great Yogi in the West An event of a very special kind: In 1920,&hellip;<div class=\"post-info\"><a class=\"read-more\" href=\"http:\/\/www.alexandra-marisa-wilcke.de\/wilcke\/spiritual-dimensions-in-wien\/\">read more<i class=\"fa fa-arrow-right\"><\/i><\/a><\/div><\/div><\/div><\/div><div class=\"post-item\"  ><div class=\"polo-feature-image-loop post-image\"><span class=\"post-category\"><a href=\"http:\/\/www.alexandra-marisa-wilcke.de\/wilcke\/category\/allgemein\/\">Allgemein <\/a><\/span><a href=\"http:\/\/www.alexandra-marisa-wilcke.de\/wilcke\/die-feinheit-des-wortes\/\"><img decoding=\"async\" src=\"http:\/\/www.alexandra-marisa-wilcke.de\/wilcke\/wp-content\/uploads\/alexandra_wilcke_news39-400x267_c.jpg\" alt=\"\"><\/a><\/div><div class=\"post-content-details\"><div class=\"post-title\"><h3><a href=\"http:\/\/www.alexandra-marisa-wilcke.de\/wilcke\/die-feinheit-des-wortes\/\">Die Feinheit des Wortes&#8230;<\/a><\/h3><\/div><div class=\"post-description\">Manchmal sind kleine Ver\u00e4nderungen eben doch Sinn-ver\u00e4ndernd\u2026 oder Fl\u00fcchtigkeitsfehler beim \u00dcbertragen\u2026 So aus Versehen geschehen in Mathias Kopetzkis\u2019 Mammutwerk \u00fcber das Leben im Schauspieldschungel und dem Interview, das er mit mir f\u00fcr sein Buch gef\u00fchrt hat. Das wir \u201e\u00fcber 400 Takes am Tag im Synchron sprechen\u201c ist nat\u00fcrlich nicht richtig, oder das wir jemals \u201eGeld f\u00fcr eine DVD Auswertung bekommen h\u00e4tten\u201c oder \u201efr\u00fcher im Vorspann genannt\u201c wurden ( oder ich Michelle Pfeiffer synchronisiert habe\u2026 ). Ich habe mit Mathias schon gesprochen, und deshalb hier f\u00fcr alle hier der Link (unten) zur richtigen Fassung, mit einigen doch wichtigen Feinheiten, die aus&hellip;<div class=\"post-info\"><a class=\"read-more\" href=\"http:\/\/www.alexandra-marisa-wilcke.de\/wilcke\/die-feinheit-des-wortes\/\">read more<i class=\"fa fa-arrow-right\"><\/i><\/a><\/div><\/div><\/div><\/div><div class=\"post-item\"  ><div class=\"polo-feature-image-loop post-image\"><span class=\"post-category\"><a href=\"http:\/\/www.alexandra-marisa-wilcke.de\/wilcke\/category\/allgemein\/\">Allgemein <\/a><\/span><a href=\"http:\/\/www.alexandra-marisa-wilcke.de\/wilcke\/absagen-wegen-covid-19-und-you-tube-veroeffentlichungen\/\"><img decoding=\"async\" src=\"http:\/\/www.alexandra-marisa-wilcke.de\/wilcke\/wp-content\/uploads\/alexandra_wilcke_news45-scaled-400x267_c.jpg\" alt=\"\"><\/a><\/div><div class=\"post-content-details\"><div class=\"post-title\"><h3><a href=\"http:\/\/www.alexandra-marisa-wilcke.de\/wilcke\/absagen-wegen-covid-19-und-you-tube-veroeffentlichungen\/\">Absagen wegen Covid 19 und You Tube Ver\u00f6ffentlichungen<\/a><\/h3><\/div><div class=\"post-description\">Nat\u00fcrlich hat Covid 19 alles auf den Kopf gestellt. Die Show in Wien wurde abgesagt, die Synchronstudios geschlossen, Filme wie Radioactive oder Mulan in denen ich eine Hauptrolle synchronisiert habe, kamen gar nicht erst ins Kino oder sind erstmal verschoben. Ich habe mich in der stillen Zeit dazu entschlossen, ein paar Lieder f\u00fcr die Seele, mit ganz simplen Mitteln aufzunehmen und auf meinem You Tube Kanal alexandra marisa wilcke ins Netz zu stellen. Ich habe dazu einige W\u00fcnsche von Euch auf Facebook geschickt bekommen \u2013 manches kann ich wegen der Einschr\u00e4nkungen durch Rechteinhaber nicht umsetzen. \u00a0Aber typisch f\u00fcr mich, quer&hellip;<div class=\"post-info\"><a class=\"read-more\" href=\"http:\/\/www.alexandra-marisa-wilcke.de\/wilcke\/absagen-wegen-covid-19-und-you-tube-veroeffentlichungen\/\">read more<i class=\"fa fa-arrow-right\"><\/i><\/a><\/div><\/div><\/div><\/div><div class=\"post-item\"  ><div class=\"polo-feature-image-loop post-image\"><span class=\"post-category\"><a href=\"http:\/\/www.alexandra-marisa-wilcke.de\/wilcke\/category\/allgemein\/\">Allgemein <\/a><\/span><a href=\"http:\/\/www.alexandra-marisa-wilcke.de\/wilcke\/grunewaldkirche-17-5-2020\/\"><img decoding=\"async\" src=\"http:\/\/www.alexandra-marisa-wilcke.de\/wilcke\/wp-content\/uploads\/alexandra_wilcke_news46-400x267_c.jpg\" alt=\"\"><\/a><\/div><div class=\"post-content-details\"><div class=\"post-title\"><h3><a href=\"http:\/\/www.alexandra-marisa-wilcke.de\/wilcke\/grunewaldkirche-17-5-2020\/\">Grunewaldkirche 17.5.2020<\/a><\/h3><\/div><div class=\"post-description\">David Schirmer und Nicolas Sch\u00f6nfeld riefen mich an, ob ich nicht Lust h\u00e4tte, im Gottesdienst am 17.5. um 11 Uhr in der Grunewaldkirche zu singen. Die Gemeinde darf noch nicht selbst singen wegen Covid 19, daher bedarf es einer Kantorin, die mehr als \u00fcblich \u00fcbernimmt. Ich will gern ! F\u00fcr alle Berliner also, die auch gerne mal in einen un\u00fcblich gestalteten Gottesdienst gehen: Am 17.5. in der Bismarckallee 28 , 14193 Berlin...<div class=\"post-info\"><a class=\"read-more\" href=\"http:\/\/www.alexandra-marisa-wilcke.de\/wilcke\/grunewaldkirche-17-5-2020\/\">read more<i class=\"fa fa-arrow-right\"><\/i><\/a><\/div><\/div><\/div><\/div><div class=\"post-item\"  ><div class=\"polo-feature-image-loop post-image\"><span class=\"post-category\"><a href=\"http:\/\/www.alexandra-marisa-wilcke.de\/wilcke\/category\/allgemein\/\">Allgemein <\/a><\/span><a href=\"http:\/\/www.alexandra-marisa-wilcke.de\/wilcke\/neues-kinderhoerbuch\/\"><img decoding=\"async\" src=\"http:\/\/www.alexandra-marisa-wilcke.de\/wilcke\/wp-content\/uploads\/alexandra_wilcke_news47a-400x267_c.jpeg\" alt=\"\"><\/a><\/div><div class=\"post-content-details\"><div class=\"post-title\"><h3><a href=\"http:\/\/www.alexandra-marisa-wilcke.de\/wilcke\/neues-kinderhoerbuch\/\">Neues Kinderh\u00f6rbuch<\/a><\/h3><\/div><div class=\"post-description\">Am 18.9.2020 ist es soweit ! Das neue H\u00f6rbuch \"Bibi und Herr Fu\" erscheint ! F\u00fcr alle, die Kinder im Herzen geblieben sind und sich w\u00e4hrend des Lockdowns langweilen... Mir hat diese Geschichte besonders viel Spass beim Einlesen gemacht ! Ich w\u00fcnsche Euch ebenfalls viel Spass ! Eure Alexandra Marisa<div class=\"post-info\"><a class=\"read-more\" href=\"http:\/\/www.alexandra-marisa-wilcke.de\/wilcke\/neues-kinderhoerbuch\/\">read more<i class=\"fa fa-arrow-right\"><\/i><\/a><\/div><\/div><\/div><\/div><div class=\"post-item\"  ><div class=\"polo-feature-image-loop post-image\"><span class=\"post-category\"><a href=\"http:\/\/www.alexandra-marisa-wilcke.de\/wilcke\/category\/allgemein\/\">Allgemein <\/a><\/span><a href=\"http:\/\/www.alexandra-marisa-wilcke.de\/wilcke\/sound-of-disney-ausstellung-in-ffm\/\"><img decoding=\"async\" src=\"http:\/\/www.alexandra-marisa-wilcke.de\/wilcke\/wp-content\/uploads\/Alexandra_wilcke_news48-400x267_c.jpg\" alt=\"\"><\/a><\/div><div class=\"post-content-details\"><div class=\"post-title\"><h3><a href=\"http:\/\/www.alexandra-marisa-wilcke.de\/wilcke\/sound-of-disney-ausstellung-in-ffm\/\">SOUND OF DISNEY AUSSTELLUNG IN FFM<\/a><\/h3><\/div><div class=\"post-description\">Die Ausstellung im Deutschen Filmmuseum Frankfurt widmet sich speziell den Vertonungen de Disney Zeichentrickfilme, dem \"typischen\" Disney Sound halt, denn alles ist durchdacht, wenig dem Zufall \u00fcberlassen. Im Zuge dieser sicherlich sehens- und h\u00f6renswerten Ausstellung (!), werde ich am 22.8.2020 in Frankfurt sein, um dort \u00fcber meine verschiedenen Disney-Synchronisationserfahrungen zu sprechen. Im Anschlu\u00df sehen wir gemeinsam Pocahontas, nat\u00fcrlich meine Lieblingsfigur unter meinen Disney- Arbeiten: edel, klar, naturverbunden, selbstbewu\u00dft, tolerant und - verspielt ;-). Und dann diese Lieder, die ich singen durfte!!! Zwei Oscars f\u00fcr die Musik !! FFM https:\/\/www.dff.film\/ausstellung\/the-sound-of-disney\/ \u00a0vom 7.8. 2020 bis 21.1.2021 !<div class=\"post-info\"><a class=\"read-more\" href=\"http:\/\/www.alexandra-marisa-wilcke.de\/wilcke\/sound-of-disney-ausstellung-in-ffm\/\">read more<i class=\"fa fa-arrow-right\"><\/i><\/a><\/div><\/div><\/div><\/div><div class=\"post-item\"  ><div class=\"polo-feature-image-loop post-image\"><span class=\"post-category\"><a href=\"http:\/\/www.alexandra-marisa-wilcke.de\/wilcke\/category\/allgemein\/\">Allgemein <\/a><\/span><a href=\"http:\/\/www.alexandra-marisa-wilcke.de\/wilcke\/rosamund-pike\/\"><img decoding=\"async\" src=\"http:\/\/www.alexandra-marisa-wilcke.de\/wilcke\/wp-content\/uploads\/wilcke_news47-400x267_c.jpeg\" alt=\"\"><\/a><\/div><div class=\"post-content-details\"><div class=\"post-title\"><h3><a href=\"http:\/\/www.alexandra-marisa-wilcke.de\/wilcke\/rosamund-pike\/\">Rosamund Pike<\/a><\/h3><\/div><div class=\"post-description\">Rosamund Pike hat sich zu einer Lieblingsschauspielerin von mir entwickelt: so vielseitig und fein wie sie spielen kann und darf. Momentan nun in den Kinos mit \"Radioactive\", einer Verfilmung \u00fcber das Leben von Marie Curie, die mir in der Arbeit mit Wolfgang Ziffer ( \"Parasite\" ) in der Regie, sehr viel Spass gemacht hat ! H\u00e4lt sich seit Start unter den Top Ten, eine Freundin schickte mir Fotos einer Auff\u00fchrung aus dem Autokino. Wohin Covid uns wieder bringt ....<div class=\"post-info\"><a class=\"read-more\" href=\"http:\/\/www.alexandra-marisa-wilcke.de\/wilcke\/rosamund-pike\/\">read more<i class=\"fa fa-arrow-right\"><\/i><\/a><\/div><\/div><\/div><\/div><div class=\"post-item\"  ><div class=\"polo-feature-image-loop post-image\"><span class=\"post-category\"><a href=\"http:\/\/www.alexandra-marisa-wilcke.de\/wilcke\/category\/allgemein\/\">Allgemein <\/a><\/span><a href=\"http:\/\/www.alexandra-marisa-wilcke.de\/wilcke\/pro-und-contra-mulan\/\"><img decoding=\"async\" src=\"http:\/\/www.alexandra-marisa-wilcke.de\/wilcke\/wp-content\/uploads\/Alexandra_wilcke_news_49-400x267_c.jpg\" alt=\"\"><\/a><\/div><div class=\"post-content-details\"><div class=\"post-title\"><h3><a href=\"http:\/\/www.alexandra-marisa-wilcke.de\/wilcke\/pro-und-contra-mulan\/\">Pro und Contra MULAN<\/a><\/h3><\/div><div class=\"post-description\">Ich bin so stolz gewesen, als ich erfuhr, dass ich in der neuen Mulan Verfilmung wieder Gong Li \u00fcbernehmen durfte - dann kam Corona und damit mehrere Premierenverschiebungen... Als dann der Film endlich herauskam, bedankten sich die Filmemacher im Abspann bei den Sicherheitsbeh\u00f6rden der westchinesischen Region Xinjiang f\u00fcr ihre Unterst\u00fctzung. Einer Region, die f\u00fcr massive Menschenrechtsverletzungen bekannt ist.Ich war fassungslos, und konnte die Boykottaufrufe gegen den Film traurigen Herzens verstehen! Obwohl ich ihn absolut sehenswert finde. Aber die Augen so zu verschliessen, wenn man in dieser Region dreht, sollte bei den Werten die Disney so gern in den Filmen vermittelt,&hellip;<div class=\"post-info\"><a class=\"read-more\" href=\"http:\/\/www.alexandra-marisa-wilcke.de\/wilcke\/pro-und-contra-mulan\/\">read more<i class=\"fa fa-arrow-right\"><\/i><\/a><\/div><\/div><\/div><\/div><div class=\"post-item\"  ><div class=\"polo-feature-image-loop post-image\"><span class=\"post-category\"><a href=\"http:\/\/www.alexandra-marisa-wilcke.de\/wilcke\/category\/allgemein\/\">Allgemein <\/a><\/span><a href=\"http:\/\/www.alexandra-marisa-wilcke.de\/wilcke\/sarah-paulson-in-ratched-auf-netflix\/\"><img decoding=\"async\" src=\"http:\/\/www.alexandra-marisa-wilcke.de\/wilcke\/wp-content\/uploads\/Sarah-Paulson-400x267_c.jpg\" alt=\"\"><\/a><\/div><div class=\"post-content-details\"><div class=\"post-title\"><h3><a href=\"http:\/\/www.alexandra-marisa-wilcke.de\/wilcke\/sarah-paulson-in-ratched-auf-netflix\/\">Sarah Paulson in Ratched auf Netflix<\/a><\/h3><\/div><div class=\"post-description\">23. November 2020 - Nachdem ich das Synchron-Casting f\u00fcr Sarah Paulson in \"Ratched\" gewonnen hatte, dachte ich, dass ich, wie bei anderen Hauptrollen auch, mir die ganze Serie vorab w\u00fcrde ansehen k\u00f6nnen. Mitnichten. Ratched war von Anfang an mysteri\u00f6s und geheim. Und das bei einer Serienproduktion von Netflix. Das h\u00e4tte mich schon stutzig machen m\u00fcssen... Die Zusammenarbeit mit Sabine Falkenberg in der Regie, erwies sich als vertrauens- und wundervolle Arbeit gleichermassen, und fast war ich dann froh, nicht alles vorab gesehen zu haben - denn manches Mal h\u00e4tte ich bestimmt wegschalten m\u00fcssen, weil es mir zu gruselig geworden w\u00e4re...\u00a0Viele scheinen&hellip;<div class=\"post-info\"><a class=\"read-more\" href=\"http:\/\/www.alexandra-marisa-wilcke.de\/wilcke\/sarah-paulson-in-ratched-auf-netflix\/\">read more<i class=\"fa fa-arrow-right\"><\/i><\/a><\/div><\/div><\/div><\/div><div class=\"post-item\"  ><div class=\"polo-feature-image-loop post-image\"><span class=\"post-category\"><a href=\"http:\/\/www.alexandra-marisa-wilcke.de\/wilcke\/category\/allgemein\/\">Allgemein <\/a><\/span><a href=\"http:\/\/www.alexandra-marisa-wilcke.de\/wilcke\/drei-emmys\/\"><img decoding=\"async\" src=\"http:\/\/www.alexandra-marisa-wilcke.de\/wilcke\/wp-content\/uploads\/Rosamund-Pike-400x267_c.jpg\" alt=\"\"><\/a><\/div><div class=\"post-content-details\"><div class=\"post-title\"><h3><a href=\"http:\/\/www.alexandra-marisa-wilcke.de\/wilcke\/drei-emmys\/\">Drei Emmys<\/a><\/h3><\/div><div class=\"post-description\">Rosamund Pike ist eine hervorragende Schauspielerin, deren Arbeit ich sehr sch\u00e4tze und mich immer sehr freue, wenn ich ihr meine Stimme im deutschsprachigen Raum leihen darf. Ab 31.1.2021 l\u00e4uft in der ARD \"State of the Union\". Eine mit drei Emmys ausgezeichnete Miniserie \u00fcber ein Ehepaar, dass versucht mithilfe einer Paartherapie die Ehe zu retten. Vor der jeweiligen Stunde treffen sie sich f\u00fcr zehn Minuten im Pub gegen\u00fcber und besprechen auf irrwitzige Weise, was sie trennt und lieben... Herrlich ! Witzig ! Toll gespielt ! Viel Spass !<div class=\"post-info\"><a class=\"read-more\" href=\"http:\/\/www.alexandra-marisa-wilcke.de\/wilcke\/drei-emmys\/\">read more<i class=\"fa fa-arrow-right\"><\/i><\/a><\/div><\/div><\/div><\/div><div class=\"post-item\"  ><div class=\"polo-feature-image-loop post-image\"><span class=\"post-category\"><a href=\"http:\/\/www.alexandra-marisa-wilcke.de\/wilcke\/category\/allgemein\/\">Allgemein <\/a><\/span><a href=\"http:\/\/www.alexandra-marisa-wilcke.de\/wilcke\/martha-und-tommy-sendetermin\/\"><img decoding=\"async\" src=\"http:\/\/www.alexandra-marisa-wilcke.de\/wilcke\/wp-content\/uploads\/alexandra_marisa_wilcke_news35-400x267_c.jpeg\" alt=\"\"><\/a><\/div><div class=\"post-content-details\"><div class=\"post-title\"><h3><a href=\"http:\/\/www.alexandra-marisa-wilcke.de\/wilcke\/martha-und-tommy-sendetermin\/\">Martha und Tommy ARD<\/a><\/h3><\/div><div class=\"post-description\">Am 24.2.2021 ist es endlich soweit, um 20.15h wird in der ARD der Film \"Martha und Tommy\" gesendet! Mit der grossartigen Senta Berger und einem tollen Ensemble, ist 2019 der wunderbare Film entstanden. Ich spiele die Kinderchorleiterin Alexandra, und ich leite nicht nur den Chor sondern singe auch den Abspannsong der Rolling Stones \"You can\u00b4t always get what you want\". Der Film bleibt bis Mai 2021 in der ARD Mediathek zu sehen !<div class=\"post-info\"><a class=\"read-more\" href=\"http:\/\/www.alexandra-marisa-wilcke.de\/wilcke\/martha-und-tommy-sendetermin\/\">read more<i class=\"fa fa-arrow-right\"><\/i><\/a><\/div><\/div><\/div><\/div><div class=\"post-item\"  ><div class=\"polo-feature-image-loop post-image\"><span class=\"post-category\"><a href=\"http:\/\/www.alexandra-marisa-wilcke.de\/wilcke\/category\/allgemein\/\">Allgemein <\/a><\/span><a href=\"http:\/\/www.alexandra-marisa-wilcke.de\/wilcke\/ghostbox-3-staffel-von-ivar-leon-menger\/\"><img decoding=\"async\" src=\"http:\/\/www.alexandra-marisa-wilcke.de\/wilcke\/wp-content\/uploads\/alexandra_wilcke_news36-400x267_c.jpeg\" alt=\"\"><\/a><\/div><div class=\"post-content-details\"><div class=\"post-title\"><h3><a href=\"http:\/\/www.alexandra-marisa-wilcke.de\/wilcke\/ghostbox-3-staffel-von-ivar-leon-menger\/\">Ghostbox 3.Staffel von Ivar Leon Menger<\/a><\/h3><\/div><div class=\"post-description\">Sieg \u00fcber die \u00fcberm\u00e4chtige KI - oder totale Versklavung? Im dramatischen Finale der H\u00f6rspiel-Trilogie Ghostbox steht die Zukunft der Menschheit auf dem Spiel. Zum letzten Mal beschw\u00f6rt Ivar Leon Menger, der Shooting Star unter den Autoren bei Audible, mit seinem Sci-Fi-Thriller eine beklemmende Zukunftsvision herauf. Ich spiele die \u00c4rztin Kate, die eine wichtige Person f\u00fcr den Helden Chip ist. Mit David Nathan, Yvonne Greitzke, Rainer Fritzsche und vielen mehr !<div class=\"post-info\"><a class=\"read-more\" href=\"http:\/\/www.alexandra-marisa-wilcke.de\/wilcke\/ghostbox-3-staffel-von-ivar-leon-menger\/\">read more<i class=\"fa fa-arrow-right\"><\/i><\/a><\/div><\/div><\/div><\/div><div class=\"post-item\"  ><div class=\"polo-feature-image-loop post-image\"><span class=\"post-category\"><a href=\"http:\/\/www.alexandra-marisa-wilcke.de\/wilcke\/category\/allgemein\/\">Allgemein <\/a><\/span><a href=\"http:\/\/www.alexandra-marisa-wilcke.de\/wilcke\/i-care-a-lot\/\"><img decoding=\"async\" src=\"http:\/\/www.alexandra-marisa-wilcke.de\/wilcke\/wp-content\/uploads\/alexandra_wilcke_news37-400x267_c.jpeg\" alt=\"\"><\/a><\/div><div class=\"post-content-details\"><div class=\"post-title\"><h3><a href=\"http:\/\/www.alexandra-marisa-wilcke.de\/wilcke\/i-care-a-lot\/\">I CARE A LOT<\/a><\/h3><\/div><div class=\"post-description\">Marla ( Rosamund Pike ) k\u00fcmmert sich als Vormundin um betagte Menschen, die laut Gericht nicht mehr f\u00fcr sich selbst sorgen k\u00f6nnen. Doch was im ersten Moment aufopfernd klingt, ist nur Fassade. Marla ist eine eiskalte Kriminelle, die sich an ihren Schutzbefohlenen bereichert. Doch als sie die Seniorin Jennifer als n\u00e4chstes Opfer ausw\u00e4hlt, l\u00e4uft ihr Plan schief... Unter der Regie von Marianne Gro\u00df war es eine sch\u00f6ne und bereichernde Synchronarbeit von Rosamund Pike f\u00fcr mich! Sie ist einfach gro\u00dfartig ! Auf Netflix !<div class=\"post-info\"><a class=\"read-more\" href=\"http:\/\/www.alexandra-marisa-wilcke.de\/wilcke\/i-care-a-lot\/\">read more<i class=\"fa fa-arrow-right\"><\/i><\/a><\/div><\/div><\/div><\/div><div class=\"post-item\"  ><div class=\"polo-feature-image-loop post-image\"><span class=\"post-category\"><a href=\"http:\/\/www.alexandra-marisa-wilcke.de\/wilcke\/category\/allgemein\/\">Allgemein <\/a><\/span><a href=\"http:\/\/www.alexandra-marisa-wilcke.de\/wilcke\/orestie\/\"><img decoding=\"async\" src=\"http:\/\/www.alexandra-marisa-wilcke.de\/wilcke\/wp-content\/uploads\/alexandra_wilcke_news37-400x267_c.jpg\" alt=\"\"><\/a><\/div><div class=\"post-content-details\"><div class=\"post-title\"><h3><a href=\"http:\/\/www.alexandra-marisa-wilcke.de\/wilcke\/orestie\/\">Orestie<\/a><\/h3><\/div><div class=\"post-description\">Raoul Schrott hat Euripides\u2019 Dramen Elektra und Orestes, einst das meistgespielte St\u00fcck der Antike, neu ins Deutsche \u00fcbertragen. Der Klassiker der griechischen Trag\u00f6die um Schuld, Rache und S\u00fchne als H\u00f6rspiel.Teil eins am 21.3.2021 um 18.30 h auf Deutschlandradio Kultur Teil 2 um dieselbe Zeit am 28.3.2021 ! H\u00f6rspielbearbeitung und Regie: Michael Farin Komposition: Franz Hautzinger Mit: Ulrich Matthes, Melika Foroutan, Corinna Harfouch, Ulrich Noethen, Bernhard Sch\u00fctz, Alexandra Marisa Wilcke, Hansa Czypionka, Michael Rotschopf, Friedhelm Ptok. Ton und Technik: Alexander Brennecke, Susanne Beyer Produktion: Deutschlandfunk Kultur 2021 L\u00e4nge: 80\u2018<div class=\"post-info\"><a class=\"read-more\" href=\"http:\/\/www.alexandra-marisa-wilcke.de\/wilcke\/orestie\/\">read more<i class=\"fa fa-arrow-right\"><\/i><\/a><\/div><\/div><\/div><\/div><div class=\"post-item\"  ><div class=\"polo-feature-image-loop post-image\"><span class=\"post-category\"><a href=\"http:\/\/www.alexandra-marisa-wilcke.de\/wilcke\/category\/allgemein\/\">Allgemein <\/a><\/span><a href=\"http:\/\/www.alexandra-marisa-wilcke.de\/wilcke\/julie-delpy-on-the-verge\/\"><img decoding=\"async\" src=\"http:\/\/www.alexandra-marisa-wilcke.de\/wilcke\/wp-content\/uploads\/alexandra_wilcke_38-400x267_c.jpeg\" alt=\"\"><\/a><\/div><div class=\"post-content-details\"><div class=\"post-title\"><h3><a href=\"http:\/\/www.alexandra-marisa-wilcke.de\/wilcke\/julie-delpy-on-the-verge\/\">Julie Delpy &#8211; On the Verge<\/a><\/h3><\/div><div class=\"post-description\">Um Julie Delpy war es l\u00e4nger ruhig. Dabei ist sie ein Ausbund an Energie und - hat ein Gesp\u00fcr f\u00fcr Witz. So auch in \"On the Verge\", eine Mini Serie \u00fcber die Probleme von Frauen \u00fcber 40 ... Sie hat es selbst geschrieben, und der Sender wollte unbedingt ihren kleinen franz\u00f6sischen Akzent im Original beibehalten: also habe auch ich sie mit kleinem Akzent synchronisiert. Danke an die Unterst\u00fctzung durch die Interopa, wo wir alles aufgenommen haben!<div class=\"post-info\"><a class=\"read-more\" href=\"http:\/\/www.alexandra-marisa-wilcke.de\/wilcke\/julie-delpy-on-the-verge\/\">read more<i class=\"fa fa-arrow-right\"><\/i><\/a><\/div><\/div><\/div><\/div><div class=\"post-item\"  ><div class=\"polo-feature-image-loop post-image\"><span class=\"post-category\"><a href=\"http:\/\/www.alexandra-marisa-wilcke.de\/wilcke\/category\/allgemein\/\">Allgemein <\/a><\/span><a href=\"http:\/\/www.alexandra-marisa-wilcke.de\/wilcke\/das-rad-der-zeit\/\"><img decoding=\"async\" src=\"http:\/\/www.alexandra-marisa-wilcke.de\/wilcke\/wp-content\/uploads\/alexandra_wilcke_39-400x267_c.jpeg\" alt=\"\"><\/a><\/div><div class=\"post-content-details\"><div class=\"post-title\"><h3><a href=\"http:\/\/www.alexandra-marisa-wilcke.de\/wilcke\/das-rad-der-zeit\/\">DAS RAD DER ZEIT \/ WHEEL OF TIME<\/a><\/h3><\/div><div class=\"post-description\">FANTASY ! Und dann noch mit Rosamund Pike ! Was habe ich mich gefreut, die Hauptrolle Moiraine mit Rosamund Pike synchronisieren zu d\u00fcrfen - und h\u00e4tte nie diesen Kampf erwartet, den sich mit der Ausstrahlung auf Amazon, die B\u00fccherfans und die \"realen\" Zuschauer geliefert haben! So heftig, dass dieses Projekt, das auf 8 oder 10 Jahre angelegt schien, schon nach einem Jahr h\u00e4tte im Erdloch verschwinden k\u00f6nnen. Nun denn, die zweite und dritte Staffel wird gedreht - und offensichtlich auch mit mehr Geld ausgestattet, damit einige berechtigte Kritikpunkte beseitigt werden ! Doch die Konkurrenz bleibt stark in diesem Jahr durch&hellip;<div class=\"post-info\"><a class=\"read-more\" href=\"http:\/\/www.alexandra-marisa-wilcke.de\/wilcke\/das-rad-der-zeit\/\">read more<i class=\"fa fa-arrow-right\"><\/i><\/a><\/div><\/div><\/div><\/div><div class=\"post-item\"  ><div class=\"polo-feature-image-loop post-image\"><span class=\"post-category\"><a href=\"http:\/\/www.alexandra-marisa-wilcke.de\/wilcke\/category\/allgemein\/\">Allgemein <\/a><\/span><a href=\"http:\/\/www.alexandra-marisa-wilcke.de\/wilcke\/ora-et-canta-13-2-2022-berlin\/\"><img decoding=\"async\" src=\"http:\/\/www.alexandra-marisa-wilcke.de\/wilcke\/wp-content\/uploads\/2022-02-13-Ora-et-Canta-400x267_c.jpg\" alt=\"\"><\/a><\/div><div class=\"post-content-details\"><div class=\"post-title\"><h3><a href=\"http:\/\/www.alexandra-marisa-wilcke.de\/wilcke\/ora-et-canta-13-2-2022-berlin\/\">ORA ET CANTA 13.2.2022 BERLIN<\/a><\/h3><\/div><div class=\"post-description\">Das erste Kirchenkonzert seid Coronabeginn ! Zusammen mit dem wunderbaren Musiker Ravi Srinivasan wurde ich in die Epiphanien Kirche eingeladen ein kleines Konzert zu geben. Thema: Musikalische Gebete ! Da haben wir nat\u00fcrlich Ja gesagt, da dass ja unser Gebiet ist, und so wird es musikalische Gebete von Hildegard von Bingen geben, sowie Tibetische und Mongolische und Indische. Wir sind selbst neugierig, wie diese Mischung ankommt ! Epiphanienkirche Berlin, Knobelsdorffstrasse 72, 14059 Berlin, 18 Uhr auf Spendenbasis.<div class=\"post-info\"><a class=\"read-more\" href=\"http:\/\/www.alexandra-marisa-wilcke.de\/wilcke\/ora-et-canta-13-2-2022-berlin\/\">read more<i class=\"fa fa-arrow-right\"><\/i><\/a><\/div><\/div><\/div><\/div><div class=\"post-item\"  ><div class=\"polo-feature-image-loop post-image\"><span class=\"post-category\"><a href=\"http:\/\/www.alexandra-marisa-wilcke.de\/wilcke\/category\/allgemein\/\">Allgemein <\/a><\/span><a href=\"http:\/\/www.alexandra-marisa-wilcke.de\/wilcke\/sandman-audible-original\/\"><img decoding=\"async\" src=\"http:\/\/www.alexandra-marisa-wilcke.de\/wilcke\/wp-content\/uploads\/alexandra_wilcke_40-400x267_c.jpeg\" alt=\"\"><\/a><\/div><div class=\"post-content-details\"><div class=\"post-title\"><h3><a href=\"http:\/\/www.alexandra-marisa-wilcke.de\/wilcke\/sandman-audible-original\/\">SANDMAN AUDIBLE ORIGINAL<\/a><\/h3><\/div><div class=\"post-description\">Ich bin kein Fan von grausamen Filmen oder H\u00f6rspielen, aber Lady Johanna Constantine hat was charmantes und spritziges, und zudem hat die Rolle \"was auf dem Kasten\". In der ersten Staffel war sie noch etwas schwach mit Szenen vertreten, in der zweiten Staffel durfte ich ein paar sch\u00f6ne Szenen, auch Gedankenstimmen, die ich sehr gern habe, spielen und lesen. Auf jeden Fall Geschichten, bei denen man dranbleiben muss, um mit allen Figuren vertraut zu werden - und die Kollegen, die da unter der Regie von Tommy Schneefuss spielen: Eins A ! Zum H\u00f6ren auf Audible !<div class=\"post-info\"><a class=\"read-more\" href=\"http:\/\/www.alexandra-marisa-wilcke.de\/wilcke\/sandman-audible-original\/\">read more<i class=\"fa fa-arrow-right\"><\/i><\/a><\/div><\/div><\/div><\/div><div class=\"post-item\"  ><div class=\"polo-feature-image-loop post-image\"><span class=\"post-category\"><a href=\"http:\/\/www.alexandra-marisa-wilcke.de\/wilcke\/category\/allgemein\/\">Allgemein <\/a><\/span><a href=\"http:\/\/www.alexandra-marisa-wilcke.de\/wilcke\/ora-et-canta-12-6-2022-berlin-epiphanienkirche\/\"><img decoding=\"async\" src=\"http:\/\/www.alexandra-marisa-wilcke.de\/wilcke\/wp-content\/uploads\/12.6.-Ora-et-Canta-Kopie-400x267_c.jpg\" alt=\"\"><\/a><\/div><div class=\"post-content-details\"><div class=\"post-title\"><h3><a href=\"http:\/\/www.alexandra-marisa-wilcke.de\/wilcke\/ora-et-canta-12-6-2022-berlin-epiphanienkirche\/\">ORA ET CANTA 12.6.2022 Berlin, Epiphanienkirche<\/a><\/h3><\/div><div class=\"post-description\">Das im Februar ausgefallene Konzert \"Ora et Canta\" in der Epiphanienkirche, Knobelsdorffstrasse 72, 14059 Berlin, wird endlich am 12.6.2022 nachgeholt! Beginn ist um 18 Uhr Eintritt frei, um eine Spende wird gebeten.<div class=\"post-info\"><a class=\"read-more\" href=\"http:\/\/www.alexandra-marisa-wilcke.de\/wilcke\/ora-et-canta-12-6-2022-berlin-epiphanienkirche\/\">read more<i class=\"fa fa-arrow-right\"><\/i><\/a><\/div><\/div><\/div><\/div><div class=\"post-item\"  ><div class=\"polo-feature-image-loop post-image\"><span class=\"post-category\"><a href=\"http:\/\/www.alexandra-marisa-wilcke.de\/wilcke\/category\/allgemein\/\">Allgemein <\/a><\/span><a href=\"http:\/\/www.alexandra-marisa-wilcke.de\/wilcke\/mut-zur-veraenderung-kongress\/\"><img decoding=\"async\" src=\"http:\/\/www.alexandra-marisa-wilcke.de\/wilcke\/wp-content\/uploads\/alexandra-marisa-wilcke_41-400x267_c.jpg\" alt=\"\"><\/a><\/div><div class=\"post-content-details\"><div class=\"post-title\"><h3><a href=\"http:\/\/www.alexandra-marisa-wilcke.de\/wilcke\/mut-zur-veraenderung-kongress\/\">MUT ZUR VER\u00c4NDERUNG, KONGRESS<\/a><\/h3><\/div><div class=\"post-description\">Eva-Maria Popp veranstaltet am 12.5.2022 von 16 bis 23 Uhr einen Kongress im Hotel Dietrich Bonhoeffer Haus in Berlin Mitte, der auch als Live-Stream im Netz verfolgt werden kann.Der Eintritt ist frei Vorort, aber man mu\u00df sich unter Wagner-medienbuero @ t-online unbedingt eine Karte sichern. Ich sorge mit Wiebke Huhs f\u00fcr die musikalische Begleitung.<div class=\"post-info\"><a class=\"read-more\" href=\"http:\/\/www.alexandra-marisa-wilcke.de\/wilcke\/mut-zur-veraenderung-kongress\/\">read more<i class=\"fa fa-arrow-right\"><\/i><\/a><\/div><\/div><\/div><\/div><div class=\"post-item\"  ><div class=\"polo-feature-image-loop post-image\"><span class=\"post-category\"><a href=\"http:\/\/www.alexandra-marisa-wilcke.de\/wilcke\/category\/allgemein\/\">Allgemein <\/a><\/span><a href=\"http:\/\/www.alexandra-marisa-wilcke.de\/wilcke\/inner-journey-in-hannover\/\"><img decoding=\"async\" src=\"http:\/\/www.alexandra-marisa-wilcke.de\/wilcke\/wp-content\/uploads\/alexandra-wilcke_42-scaled-400x267_c.jpg\" alt=\"\"><\/a><\/div><div class=\"post-content-details\"><div class=\"post-title\"><h3><a href=\"http:\/\/www.alexandra-marisa-wilcke.de\/wilcke\/inner-journey-in-hannover\/\">INNER JOURNEY in HANNOVER<\/a><\/h3><\/div><div class=\"post-description\">Das Orchester im Treppenhaus in Hannover gestaltet seit Jahren erfolgreich Konzerte in moderner Form. Am 19.5. und am 20.5. wird es eine Konzertreise mit Lesung, die \"Inner Journey\" geben. Ich werde diese musikalische, schamanische Reise nach innen mit meiner Stimme als Rezitatorin begleiten. Ich freue mich schon sehr darauf, wieder einmal mit Orchester auf einer B\u00fchne zu sein! Am 19.5. gibt es zwei Vorstellungen im Sprengel Museum, am 20.5. eine um 20 Uhr in der Rampe in Hannover.<div class=\"post-info\"><a class=\"read-more\" href=\"http:\/\/www.alexandra-marisa-wilcke.de\/wilcke\/inner-journey-in-hannover\/\">read more<i class=\"fa fa-arrow-right\"><\/i><\/a><\/div><\/div><\/div><\/div><div class=\"post-item\"  ><div class=\"polo-feature-image-loop post-image\"><span class=\"post-category\"><a href=\"http:\/\/www.alexandra-marisa-wilcke.de\/wilcke\/category\/allgemein\/\">Allgemein <\/a><\/span><a href=\"http:\/\/www.alexandra-marisa-wilcke.de\/wilcke\/ora-et-canta\/\"><img decoding=\"async\" src=\"http:\/\/www.alexandra-marisa-wilcke.de\/wilcke\/wp-content\/uploads\/12.6.-Ora-et-Canta-Kopie-400x267_c.jpg\" alt=\"\"><\/a><\/div><div class=\"post-content-details\"><div class=\"post-title\"><h3><a href=\"http:\/\/www.alexandra-marisa-wilcke.de\/wilcke\/ora-et-canta\/\">Ora et Canta<\/a><\/h3><\/div><div class=\"post-description\">Das Konzert \"Ora et Canta\" mit Ravi Srinivasan und mir, wird wiederholt: Am 30.9.2022, Startbahn, GenezarethKirche,Herrfurthplatz 14, Berlin Neuk\u00f6lln, 19Uhr Wir freuen uns auf Euch !<div class=\"post-info\"><a class=\"read-more\" href=\"http:\/\/www.alexandra-marisa-wilcke.de\/wilcke\/ora-et-canta\/\">read more<i class=\"fa fa-arrow-right\"><\/i><\/a><\/div><\/div><\/div><\/div><div class=\"post-item\"  ><div class=\"polo-feature-image-loop post-image\"><span class=\"post-category\"><a href=\"http:\/\/www.alexandra-marisa-wilcke.de\/wilcke\/category\/allgemein\/\">Allgemein <\/a><\/span><a href=\"http:\/\/www.alexandra-marisa-wilcke.de\/wilcke\/kino\/\"><img decoding=\"async\" src=\"http:\/\/www.alexandra-marisa-wilcke.de\/wilcke\/wp-content\/uploads\/Alexxandra-Marisa-Wilcke-e1680016485745-400x267_c.jpeg\" alt=\"\"><\/a><\/div><div class=\"post-content-details\"><div class=\"post-title\"><h3><a href=\"http:\/\/www.alexandra-marisa-wilcke.de\/wilcke\/kino\/\">KINO<\/a><\/h3><\/div><div class=\"post-description\">\"Don`t Look Up !\" ist sicher nur eine kleine Rolle, aber einer der spannendsten Filme f\u00fcr mich in 2022 gewesen. Wer politisch unkorrekt aber herzlich lachen m\u00f6chte, kann meine Stimme in \"Monsieur Claude und sein gro\u00dfes Fest\" Wiederh\u00f6ren! Aber auch die Neu-Verfilmung \"Der kleine Nick auf Schatzsuche\" war eine sch\u00f6ne Aufgabe unter der Regie von Cornelius Frommann.<div class=\"post-info\"><a class=\"read-more\" href=\"http:\/\/www.alexandra-marisa-wilcke.de\/wilcke\/kino\/\">read more<i class=\"fa fa-arrow-right\"><\/i><\/a><\/div><\/div><\/div><\/div><div class=\"post-item\"  ><div class=\"polo-feature-image-loop post-image\"><span class=\"post-category\"><a href=\"http:\/\/www.alexandra-marisa-wilcke.de\/wilcke\/category\/allgemein\/\">Allgemein <\/a><\/span><a href=\"http:\/\/www.alexandra-marisa-wilcke.de\/wilcke\/close-kino\/\"><img decoding=\"async\" src=\"http:\/\/www.alexandra-marisa-wilcke.de\/wilcke\/wp-content\/uploads\/AMW--e1680016302599-400x267_c.jpg\" alt=\"\"><\/a><\/div><div class=\"post-content-details\"><div class=\"post-title\"><h3><a href=\"http:\/\/www.alexandra-marisa-wilcke.de\/wilcke\/close-kino\/\">&#8222;CLOSE&#8220; KINO<\/a><\/h3><\/div><div class=\"post-description\">\u00bbein ABSOLUTES WUNDER.\u00ab LE PARISIEN Was f\u00fcr ein wunderbarer Film !! L\u00e9o und R\u00e9mi, beide 13 Jahre alt, sind beste Freunde und stehen sich nah wie Br\u00fcder. Sie sind unzertrennlich, vertrauen sich und teilen alles miteinander. Mit dem Ende des Sommers und dem Wechsel auf eine neue Schule ger\u00e4t ihre innige Verbundenheit pl\u00f6tzlich ins Wanken \u2013 mit tragischen Folgen \u2026 Ich habe bei der Synchronisation wirklich geheult im Studio. CLOSE, ausgezeichnet mit dem Gro\u00dfen Preis der Jury bei den Internationalen Filmfestspielen von Cannes 2022, ist ein feinf\u00fchliges Drama \u00fcber N\u00e4he, Distanz und Entfremdung. Mit z\u00e4rtlicher Pr\u00e4zision und einem unendlichen Verst\u00e4ndnis&hellip;<div class=\"post-info\"><a class=\"read-more\" href=\"http:\/\/www.alexandra-marisa-wilcke.de\/wilcke\/close-kino\/\">read more<i class=\"fa fa-arrow-right\"><\/i><\/a><\/div><\/div><\/div><\/div><div class=\"post-item\"  ><div class=\"polo-feature-image-loop post-image\"><span class=\"post-category\"><a href=\"http:\/\/www.alexandra-marisa-wilcke.de\/wilcke\/category\/allgemein\/\">Allgemein <\/a><\/span><a href=\"http:\/\/www.alexandra-marisa-wilcke.de\/wilcke\/marvel-quantumania\/\"><img decoding=\"async\" src=\"http:\/\/www.alexandra-marisa-wilcke.de\/wilcke\/wp-content\/uploads\/AMW-400x267_c.jpeg\" alt=\"\"><\/a><\/div><div class=\"post-content-details\"><div class=\"post-title\"><h3><a href=\"http:\/\/www.alexandra-marisa-wilcke.de\/wilcke\/marvel-quantumania\/\">MARVEL -QUANTUMANIA<\/a><\/h3><\/div><div class=\"post-description\">Und ein weiterer Teil von \"Antman und Wasp\" mit Evangeline Lilly ! Ich mag diese Schauspielerin wirklich sehr ! Zum Kinostart kann ich zwar nicht dabei sein, aber sp\u00e4ter wird er nat\u00fcrlich gesehen! Viel Spass im Kino !<div class=\"post-info\"><a class=\"read-more\" href=\"http:\/\/www.alexandra-marisa-wilcke.de\/wilcke\/marvel-quantumania\/\">read more<i class=\"fa fa-arrow-right\"><\/i><\/a><\/div><\/div><\/div><\/div><div class=\"post-item\"  ><div class=\"polo-feature-image-loop post-image\"><span class=\"post-category\"><a href=\"http:\/\/www.alexandra-marisa-wilcke.de\/wilcke\/category\/allgemein\/\">Allgemein <\/a><\/span><a href=\"http:\/\/www.alexandra-marisa-wilcke.de\/wilcke\/strange-new-world-rebecca-romjin\/\"><img decoding=\"async\" src=\"http:\/\/www.alexandra-marisa-wilcke.de\/wilcke\/wp-content\/uploads\/NEUES-BILD-400x267_c.jpg\" alt=\"\"><\/a><\/div><div class=\"post-content-details\"><div class=\"post-title\"><h3><a href=\"http:\/\/www.alexandra-marisa-wilcke.de\/wilcke\/strange-new-world-rebecca-romjin\/\">Strange New World Rebecca Romjin<\/a><\/h3><\/div><div class=\"post-description\">Ich bin ab sofort Teil des Star Trek Universums \ud83d\ude09 - zumindest stimmlich ! Da ich immer ein Fan von guten Science Fiction Filmen \/ Serien war, freut mich dies um so mehr! Und dann auch noch die Nummer Eins ! Viel Spass beim Sehen !<div class=\"post-info\"><a class=\"read-more\" href=\"http:\/\/www.alexandra-marisa-wilcke.de\/wilcke\/strange-new-world-rebecca-romjin\/\">read more<i class=\"fa fa-arrow-right\"><\/i><\/a><\/div><\/div><\/div><\/div><div class=\"post-item\"  ><div class=\"polo-feature-image-loop post-image\"><span class=\"post-category\"><a href=\"http:\/\/www.alexandra-marisa-wilcke.de\/wilcke\/category\/allgemein\/\">Allgemein <\/a><\/span><a href=\"http:\/\/www.alexandra-marisa-wilcke.de\/wilcke\/sarah-shahi\/\"><img decoding=\"async\" src=\"http:\/\/www.alexandra-marisa-wilcke.de\/wilcke\/wp-content\/uploads\/Alexandra-wilcke.Stimme-400x267_c.jpeg\" alt=\"\"><\/a><\/div><div class=\"post-content-details\"><div class=\"post-title\"><h3><a href=\"http:\/\/www.alexandra-marisa-wilcke.de\/wilcke\/sarah-shahi\/\">Sarah Shahi<\/a><\/h3><\/div><div class=\"post-description\">Sarah Shahi hat mich schon mit einigen Produktionen \u00fcberrascht, in denen sie gespielt hat ! Gerade nach \"Life\" und \"Person of Interest\" habe ich ihr sehr viel zugetraut und gehofft, sie weiter begleiten zu k\u00f6nnen! Nach der Serie \"Sex\/Life\", die wochenlang Nummer Eins bei Netflix war, kam jetzt endlich ihr erster Blockbuster: \"Black Adams\" in dem sie die Wissenschaftlerin Adrianna Tomaz spielt. Wieder einmal kommt ihr ihre K\u00f6rperlichkeit ( Karate Ausbildung usw.. ) gut zupass!<div class=\"post-info\"><a class=\"read-more\" href=\"http:\/\/www.alexandra-marisa-wilcke.de\/wilcke\/sarah-shahi\/\">read more<i class=\"fa fa-arrow-right\"><\/i><\/a><\/div><\/div><\/div><\/div><div class=\"post-item\"  ><div class=\"polo-feature-image-loop post-image\"><span class=\"post-category\"><a href=\"http:\/\/www.alexandra-marisa-wilcke.de\/wilcke\/category\/allgemein\/\">Allgemein <\/a><\/span><a href=\"http:\/\/www.alexandra-marisa-wilcke.de\/wilcke\/ora-et-canta-konzert-am-14-5-2023\/\"><img decoding=\"async\" src=\"http:\/\/www.alexandra-marisa-wilcke.de\/wilcke\/wp-content\/uploads\/12.6.-Ora-et-Canta-Kopie-400x267_c.jpg\" alt=\"\"><\/a><\/div><div class=\"post-content-details\"><div class=\"post-title\"><h3><a href=\"http:\/\/www.alexandra-marisa-wilcke.de\/wilcke\/ora-et-canta-konzert-am-14-5-2023\/\">Ora et canta, Konzert am 14.5.2023<\/a><\/h3><\/div><div class=\"post-description\">\"Ora et Canta\u201c - Spirituelle Lieder der Welt am 14.5.23 in der Epiphanienkirche Berlin, um 18Uhr. Dauer eine gute Stunde, Eintritt ist frei, um eine Spende wird gebeten. In allen Kulturen der Erde, zu allen Zeiten, diente Musik dazu, die Stimmung der Menschen zu erheben, sie mit Etwas in sich in Verbindung zu bringen das sie n\u00e4hrt, manchmal tr\u00f6stet oder die schiere Lebensfreude ausdr\u00fcckt. Erde und Himmel ber\u00fchren sich in der Musik. Der aus Singapur stammende Perkussionist, S\u00e4nger und Komponist Ravi Srinivasan, tritt weltweit als Solist auf und arbeitet mit Orchestern und Institutionen wie den Berliner Philharmonikern, dem Thalia Theater&hellip;<div class=\"post-info\"><a class=\"read-more\" href=\"http:\/\/www.alexandra-marisa-wilcke.de\/wilcke\/ora-et-canta-konzert-am-14-5-2023\/\">read more<i class=\"fa fa-arrow-right\"><\/i><\/a><\/div><\/div><\/div><\/div><div class=\"post-item\"  ><div class=\"polo-feature-image-loop post-image\"><span class=\"post-category\"><a href=\"http:\/\/www.alexandra-marisa-wilcke.de\/wilcke\/category\/allgemein\/\">Allgemein <\/a><\/span><a href=\"http:\/\/www.alexandra-marisa-wilcke.de\/wilcke\/transzendenz-24-5-2023-kirche-zum-guten-hirten-berlin\/\"><img decoding=\"async\" src=\"http:\/\/www.alexandra-marisa-wilcke.de\/wilcke\/wp-content\/uploads\/HimmelErde_Insta-400x267_c.jpg\" alt=\"\"><\/a><\/div><div class=\"post-content-details\"><div class=\"post-title\"><h3><a href=\"http:\/\/www.alexandra-marisa-wilcke.de\/wilcke\/transzendenz-24-5-2023-kirche-zum-guten-hirten-berlin\/\">Transzendenz, Konzert am 24.5.2023<\/a><\/h3><\/div><div class=\"post-description\">\u201eTranszendenz\u201c - Spirituelle Lieder der Welt Am 24.5.2023 in der Reihe \"zwischen Himmel und Erde\" in der Kirche \"Zum Guten Hirten\" ( UBahnhof Friedrich Wilhelm Platz Berlin ), Beginn 19h, Dauer eine gute Stunde, Eintritt frei, um eine Spende wird gebeten. In allen Kulturen der Erde, zu allen Zeiten, diente Musik dazu, die Stimmung der Menschen zu erheben, sie mit Etwas in sich in Verbindung zu bringen das sie n\u00e4hrt, manchmal tr\u00f6stet oder die schiere Lebensfreude ausdr\u00fcckt. Erde und Himmel ber\u00fchren sich in der Musik. Der aus Singapur stammende Perkussionist, S\u00e4nger und Komponist Ravi Srinivasan, tritt weltweit als Solist auf&hellip;<div class=\"post-info\"><a class=\"read-more\" href=\"http:\/\/www.alexandra-marisa-wilcke.de\/wilcke\/transzendenz-24-5-2023-kirche-zum-guten-hirten-berlin\/\">read more<i class=\"fa fa-arrow-right\"><\/i><\/a><\/div><\/div><\/div><\/div><\/div>[\/vc_column][\/vc_row]<\/p>\n<\/div>","protected":false},"excerpt":{"rendered":"<p>[vc_row full_width=&#8220;stretch_row&#8220; equal_height=&#8220;yes&#8220; css=&#8220;.vc_custom_1554116712654{background-color: #ffffff !important;}&#8220;][vc_column][vc_empty_space height=&#8220;100px&#8220;][\/vc_column][\/vc_row]<\/p>\n","protected":false},"author":1,"featured_media":0,"parent":3834,"menu_order":0,"comment_status":"closed","ping_status":"closed","template":"","meta":{"footnotes":""},"class_list":["post-3860","page","type-page","status-publish","hentry"],"yoast_head":"<!-- This site is optimized with the Yoast SEO plugin v27.5 - https:\/\/yoast.com\/product\/yoast-seo-wordpress\/ -->\n<title>BLOG - Alexandra Marisa Wilcke - Official Website -<\/title>\n<meta name=\"description\" content=\"Alexandra Marisa Wilcke geh\u00f6rt zu der Riege der bekannten Schauspielerinnen Deutschlands vor allem in der \u201eunsichtbaren Zunft\u201c Synchron. Allerdings ist sie, durch ihre vielschichtigen T\u00e4tigkeiten am Theater, beim Fernsehen, und in der Musik, nicht nur als Schauspielerin, sondern auch als S\u00e4ngerin, Regisseurin und Produzentin dem Publikum nahe.\" \/>\n<meta name=\"robots\" content=\"index, follow, max-snippet:-1, max-image-preview:large, max-video-preview:-1\" \/>\n<link rel=\"canonical\" href=\"http:\/\/www.alexandra-marisa-wilcke.de\/wilcke\/home-2\/blog\/\" \/>\n<meta property=\"og:locale\" content=\"de_DE\" \/>\n<meta property=\"og:type\" content=\"article\" \/>\n<meta property=\"og:title\" content=\"BLOG - Alexandra Marisa Wilcke - Official Website -\" \/>\n<meta property=\"og:description\" content=\"Alexandra Marisa Wilcke geh\u00f6rt zu der Riege der bekannten Schauspielerinnen Deutschlands vor allem in der \u201eunsichtbaren Zunft\u201c Synchron. Allerdings ist sie, durch ihre vielschichtigen T\u00e4tigkeiten am Theater, beim Fernsehen, und in der Musik, nicht nur als Schauspielerin, sondern auch als S\u00e4ngerin, Regisseurin und Produzentin dem Publikum nahe.\" \/>\n<meta property=\"og:url\" content=\"http:\/\/www.alexandra-marisa-wilcke.de\/wilcke\/home-2\/blog\/\" \/>\n<meta property=\"og:site_name\" content=\"Alexandra Marisa Wilcke - Official Website -\" \/>\n<meta property=\"article:modified_time\" content=\"2020-08-25T14:32:53+00:00\" \/>\n<meta property=\"og:image\" content=\"http:\/\/www.alexandra-marisa-wilcke.de\/wilcke\/wp-content\/uploads\/Alexandra-Marisa-Wilcke-003.jpg\" \/>\n\t<meta property=\"og:image:width\" content=\"2400\" \/>\n\t<meta property=\"og:image:height\" content=\"1597\" \/>\n\t<meta property=\"og:image:type\" content=\"image\/jpeg\" \/>\n<script type=\"application\/ld+json\" class=\"yoast-schema-graph\">{\"@context\":\"https:\\\/\\\/schema.org\",\"@graph\":[{\"@type\":\"WebPage\",\"@id\":\"http:\\\/\\\/www.alexandra-marisa-wilcke.de\\\/wilcke\\\/home-2\\\/blog\\\/\",\"url\":\"http:\\\/\\\/www.alexandra-marisa-wilcke.de\\\/wilcke\\\/home-2\\\/blog\\\/\",\"name\":\"BLOG - Alexandra Marisa Wilcke - Official Website -\",\"isPartOf\":{\"@id\":\"http:\\\/\\\/www.alexandra-marisa-wilcke.de\\\/wilcke\\\/#website\"},\"datePublished\":\"2020-05-16T16:02:06+00:00\",\"dateModified\":\"2020-08-25T14:32:53+00:00\",\"description\":\"Alexandra Marisa Wilcke geh\u00f6rt zu der Riege der bekannten Schauspielerinnen Deutschlands vor allem in der \u201eunsichtbaren Zunft\u201c Synchron. Allerdings ist sie, durch ihre vielschichtigen T\u00e4tigkeiten am Theater, beim Fernsehen, und in der Musik, nicht nur als Schauspielerin, sondern auch als S\u00e4ngerin, Regisseurin und Produzentin dem Publikum nahe.\",\"breadcrumb\":{\"@id\":\"http:\\\/\\\/www.alexandra-marisa-wilcke.de\\\/wilcke\\\/home-2\\\/blog\\\/#breadcrumb\"},\"inLanguage\":\"de\",\"potentialAction\":[{\"@type\":\"ReadAction\",\"target\":[\"http:\\\/\\\/www.alexandra-marisa-wilcke.de\\\/wilcke\\\/home-2\\\/blog\\\/\"]}]},{\"@type\":\"BreadcrumbList\",\"@id\":\"http:\\\/\\\/www.alexandra-marisa-wilcke.de\\\/wilcke\\\/home-2\\\/blog\\\/#breadcrumb\",\"itemListElement\":[{\"@type\":\"ListItem\",\"position\":1,\"name\":\"Startseite\",\"item\":\"https:\\\/\\\/www.alexandra-marisa-wilcke.de\\\/wilcke\\\/\"},{\"@type\":\"ListItem\",\"position\":2,\"name\":\"HOME\",\"item\":\"https:\\\/\\\/www.alexandra-marisa-wilcke.de\\\/wilcke\\\/en\\\/\"},{\"@type\":\"ListItem\",\"position\":3,\"name\":\"BLOG\"}]},{\"@type\":\"WebSite\",\"@id\":\"http:\\\/\\\/www.alexandra-marisa-wilcke.de\\\/wilcke\\\/#website\",\"url\":\"http:\\\/\\\/www.alexandra-marisa-wilcke.de\\\/wilcke\\\/\",\"name\":\"ALEXANDRA MARISA WILCKE - Official Website -\",\"description\":\"ALEXANDRA MARISA WILCKE - Official Website -\",\"alternateName\":\"ALEXANDRA MARISA WILCKE - Official Website -\",\"potentialAction\":[{\"@type\":\"SearchAction\",\"target\":{\"@type\":\"EntryPoint\",\"urlTemplate\":\"http:\\\/\\\/www.alexandra-marisa-wilcke.de\\\/wilcke\\\/?s={search_term_string}\"},\"query-input\":{\"@type\":\"PropertyValueSpecification\",\"valueRequired\":true,\"valueName\":\"search_term_string\"}}],\"inLanguage\":\"de\"}]}<\/script>\n<!-- \/ Yoast SEO plugin. -->","yoast_head_json":{"title":"BLOG - Alexandra Marisa Wilcke - Official Website -","description":"Alexandra Marisa Wilcke geh\u00f6rt zu der Riege der bekannten Schauspielerinnen Deutschlands vor allem in der \u201eunsichtbaren Zunft\u201c Synchron. Allerdings ist sie, durch ihre vielschichtigen T\u00e4tigkeiten am Theater, beim Fernsehen, und in der Musik, nicht nur als Schauspielerin, sondern auch als S\u00e4ngerin, Regisseurin und Produzentin dem Publikum nahe.","robots":{"index":"index","follow":"follow","max-snippet":"max-snippet:-1","max-image-preview":"max-image-preview:large","max-video-preview":"max-video-preview:-1"},"canonical":"http:\/\/www.alexandra-marisa-wilcke.de\/wilcke\/home-2\/blog\/","og_locale":"de_DE","og_type":"article","og_title":"BLOG - Alexandra Marisa Wilcke - Official Website -","og_description":"Alexandra Marisa Wilcke geh\u00f6rt zu der Riege der bekannten Schauspielerinnen Deutschlands vor allem in der \u201eunsichtbaren Zunft\u201c Synchron. Allerdings ist sie, durch ihre vielschichtigen T\u00e4tigkeiten am Theater, beim Fernsehen, und in der Musik, nicht nur als Schauspielerin, sondern auch als S\u00e4ngerin, Regisseurin und Produzentin dem Publikum nahe.","og_url":"http:\/\/www.alexandra-marisa-wilcke.de\/wilcke\/home-2\/blog\/","og_site_name":"Alexandra Marisa Wilcke - Official Website -","article_modified_time":"2020-08-25T14:32:53+00:00","og_image":[{"width":2400,"height":1597,"url":"http:\/\/www.alexandra-marisa-wilcke.de\/wilcke\/wp-content\/uploads\/Alexandra-Marisa-Wilcke-003.jpg","type":"image\/jpeg"}],"schema":{"@context":"https:\/\/schema.org","@graph":[{"@type":"WebPage","@id":"http:\/\/www.alexandra-marisa-wilcke.de\/wilcke\/home-2\/blog\/","url":"http:\/\/www.alexandra-marisa-wilcke.de\/wilcke\/home-2\/blog\/","name":"BLOG - Alexandra Marisa Wilcke - Official Website -","isPartOf":{"@id":"http:\/\/www.alexandra-marisa-wilcke.de\/wilcke\/#website"},"datePublished":"2020-05-16T16:02:06+00:00","dateModified":"2020-08-25T14:32:53+00:00","description":"Alexandra Marisa Wilcke geh\u00f6rt zu der Riege der bekannten Schauspielerinnen Deutschlands vor allem in der \u201eunsichtbaren Zunft\u201c Synchron. Allerdings ist sie, durch ihre vielschichtigen T\u00e4tigkeiten am Theater, beim Fernsehen, und in der Musik, nicht nur als Schauspielerin, sondern auch als S\u00e4ngerin, Regisseurin und Produzentin dem Publikum nahe.","breadcrumb":{"@id":"http:\/\/www.alexandra-marisa-wilcke.de\/wilcke\/home-2\/blog\/#breadcrumb"},"inLanguage":"de","potentialAction":[{"@type":"ReadAction","target":["http:\/\/www.alexandra-marisa-wilcke.de\/wilcke\/home-2\/blog\/"]}]},{"@type":"BreadcrumbList","@id":"http:\/\/www.alexandra-marisa-wilcke.de\/wilcke\/home-2\/blog\/#breadcrumb","itemListElement":[{"@type":"ListItem","position":1,"name":"Startseite","item":"https:\/\/www.alexandra-marisa-wilcke.de\/wilcke\/"},{"@type":"ListItem","position":2,"name":"HOME","item":"https:\/\/www.alexandra-marisa-wilcke.de\/wilcke\/en\/"},{"@type":"ListItem","position":3,"name":"BLOG"}]},{"@type":"WebSite","@id":"http:\/\/www.alexandra-marisa-wilcke.de\/wilcke\/#website","url":"http:\/\/www.alexandra-marisa-wilcke.de\/wilcke\/","name":"ALEXANDRA MARISA WILCKE - Official Website -","description":"ALEXANDRA MARISA WILCKE - Official Website -","alternateName":"ALEXANDRA MARISA WILCKE - Official Website -","potentialAction":[{"@type":"SearchAction","target":{"@type":"EntryPoint","urlTemplate":"http:\/\/www.alexandra-marisa-wilcke.de\/wilcke\/?s={search_term_string}"},"query-input":{"@type":"PropertyValueSpecification","valueRequired":true,"valueName":"search_term_string"}}],"inLanguage":"de"}]}},"_links":{"self":[{"href":"http:\/\/www.alexandra-marisa-wilcke.de\/wilcke\/wp-json\/wp\/v2\/pages\/3860","targetHints":{"allow":["GET"]}}],"collection":[{"href":"http:\/\/www.alexandra-marisa-wilcke.de\/wilcke\/wp-json\/wp\/v2\/pages"}],"about":[{"href":"http:\/\/www.alexandra-marisa-wilcke.de\/wilcke\/wp-json\/wp\/v2\/types\/page"}],"author":[{"embeddable":true,"href":"http:\/\/www.alexandra-marisa-wilcke.de\/wilcke\/wp-json\/wp\/v2\/users\/1"}],"replies":[{"embeddable":true,"href":"http:\/\/www.alexandra-marisa-wilcke.de\/wilcke\/wp-json\/wp\/v2\/comments?post=3860"}],"version-history":[{"count":1,"href":"http:\/\/www.alexandra-marisa-wilcke.de\/wilcke\/wp-json\/wp\/v2\/pages\/3860\/revisions"}],"predecessor-version":[{"id":3861,"href":"http:\/\/www.alexandra-marisa-wilcke.de\/wilcke\/wp-json\/wp\/v2\/pages\/3860\/revisions\/3861"}],"up":[{"embeddable":true,"href":"http:\/\/www.alexandra-marisa-wilcke.de\/wilcke\/wp-json\/wp\/v2\/pages\/3834"}],"wp:attachment":[{"href":"http:\/\/www.alexandra-marisa-wilcke.de\/wilcke\/wp-json\/wp\/v2\/media?parent=3860"}],"curies":[{"name":"wp","href":"https:\/\/api.w.org\/{rel}","templated":true}]}}